{"id":5882,"date":"2023-05-18T10:21:27","date_gmt":"2023-05-18T10:21:27","guid":{"rendered":"https:\/\/eventosycateringrd.com\/?post_type=portfolio_page&#038;p=5882"},"modified":"2025-04-30T22:29:29","modified_gmt":"2025-04-30T22:29:29","slug":"boda-en-la-estancia-golf-casa-de-campo-la-romana","status":"publish","type":"portfolio_page","link":"http:\/\/eventosycateringrd.com\/es\/portfolio_page\/boda-en-la-estancia-golf-casa-de-campo-la-romana\/","title":{"rendered":"Boda en La Estancia Golf &#038; Casa de Campo, La Romana"},"content":{"rendered":"\t\t<div data-elementor-type=\"wp-post\" data-elementor-id=\"5882\" class=\"elementor elementor-5882 elementor-4877\" data-elementor-post-type=\"portfolio_page\">\n\t\t\t\t\t\t<section class=\"elementor-section elementor-top-section elementor-element elementor-element-5ad7ff57 elementor-section-full_width elementor-section-height-min-height elementor-section-items-stretch elementor-section-content-bottom elementor-section-stretched elementor-section-height-default parallax_section_no qode_elementor_container_no\" data-id=\"5ad7ff57\" data-element_type=\"section\" data-e-type=\"section\" data-settings=\"{&quot;stretch_section&quot;:&quot;section-stretched&quot;}\">\n\t\t\t\t\t\t<div class=\"elementor-container elementor-column-gap-no\">\n\t\t\t\t\t<div class=\"elementor-column elementor-col-50 elementor-top-column elementor-element elementor-element-5d8084bf\" data-id=\"5d8084bf\" data-element_type=\"column\" data-e-type=\"column\" data-settings=\"{&quot;background_background&quot;:&quot;classic&quot;}\">\n\t\t\t<div class=\"elementor-widget-wrap elementor-element-populated\">\n\t\t\t\t\t\t<div class=\"elementor-element elementor-element-5bf59fbc elementor-widget elementor-widget-button\" data-id=\"5bf59fbc\" data-element_type=\"widget\" data-e-type=\"widget\" data-widget_type=\"button.default\">\n\t\t\t\t<div class=\"elementor-widget-container\">\n\t\t\t\t\t\t\t\t\t<div class=\"elementor-button-wrapper\">\n\t\t\t\t\t<a class=\"elementor-button elementor-button-link elementor-size-sm\" href=\"\/portfolio\/\">\n\t\t\t\t\t\t<span class=\"elementor-button-content-wrapper\">\n\t\t\t\t\t\t\t\t\t<span class=\"elementor-button-text\">Back to all<\/span>\n\t\t\t\t\t<\/span>\n\t\t\t\t\t<\/a>\n\t\t\t\t<\/div>\n\t\t\t\t\t\t\t\t<\/div>\n\t\t\t\t<\/div>\n\t\t\t\t<div class=\"elementor-element elementor-element-79388060 elementor-widget elementor-widget-theme-post-title elementor-page-title elementor-widget-heading\" data-id=\"79388060\" data-element_type=\"widget\" data-e-type=\"widget\" data-widget_type=\"theme-post-title.default\">\n\t\t\t\t<div class=\"elementor-widget-container\">\n\t\t\t\t\t<h1 class=\"elementor-heading-title elementor-size-default\">Boda en La Estancia Golf &#038; Casa de Campo, La Romana<\/h1>\t\t\t\t<\/div>\n\t\t\t\t<\/div>\n\t\t\t\t<div class=\"elementor-element elementor-element-6a2f4728 elementor-widget elementor-widget-post-info\" data-id=\"6a2f4728\" data-element_type=\"widget\" data-e-type=\"widget\" data-widget_type=\"post-info.default\">\n\t\t\t\t<div class=\"elementor-widget-container\">\n\t\t\t\t\t\t\t<ul class=\"elementor-inline-items elementor-icon-list-items elementor-post-info\">\n\t\t\t\t\t\t\t\t<li class=\"elementor-icon-list-item elementor-repeater-item-9093a23 elementor-inline-item\" itemprop=\"datePublished\">\n\t\t\t\t\t\t\t\t\t\t\t\t\t<span class=\"elementor-icon-list-text elementor-post-info__item elementor-post-info__item--type-date\">\n\t\t\t\t\t\t\t\t\t\t<time>mayo 18, 2023<\/time>\t\t\t\t\t<\/span>\n\t\t\t\t\t\t\t\t<\/li>\n\t\t\t\t<\/ul>\n\t\t\t\t\t\t<\/div>\n\t\t\t\t<\/div>\n\t\t\t\t\t<\/div>\n\t\t<\/div>\n\t\t\t\t<div class=\"elementor-column elementor-col-50 elementor-top-column elementor-element elementor-element-5d35cca4\" data-id=\"5d35cca4\" data-element_type=\"column\" data-e-type=\"column\">\n\t\t\t<div class=\"elementor-widget-wrap elementor-element-populated\">\n\t\t\t\t\t\t<div class=\"elementor-element elementor-element-48fb41a2 elementor-widget elementor-widget-theme-post-featured-image elementor-widget-image\" data-id=\"48fb41a2\" data-element_type=\"widget\" data-e-type=\"widget\" data-widget_type=\"theme-post-featured-image.default\">\n\t\t\t\t<div class=\"elementor-widget-container\">\n\t\t\t\t\t\t\t\t\t\t\t\t\t\t\t<img fetchpriority=\"high\" decoding=\"async\" width=\"2100\" height=\"1400\" src=\"http:\/\/eventosycateringrd.com\/wp-content\/uploads\/2023\/07\/01-boda-casa-de-campo-la-estancia-republica-dominicana-eventos-y-catering.jpg\" class=\"attachment-full size-full wp-image-4881\" alt=\"\" srcset=\"http:\/\/eventosycateringrd.com\/wp-content\/uploads\/2023\/07\/01-boda-casa-de-campo-la-estancia-republica-dominicana-eventos-y-catering.jpg 2100w, http:\/\/eventosycateringrd.com\/wp-content\/uploads\/2023\/07\/01-boda-casa-de-campo-la-estancia-republica-dominicana-eventos-y-catering-300x200.jpg 300w, http:\/\/eventosycateringrd.com\/wp-content\/uploads\/2023\/07\/01-boda-casa-de-campo-la-estancia-republica-dominicana-eventos-y-catering-1024x683.jpg 1024w, http:\/\/eventosycateringrd.com\/wp-content\/uploads\/2023\/07\/01-boda-casa-de-campo-la-estancia-republica-dominicana-eventos-y-catering-768x512.jpg 768w, http:\/\/eventosycateringrd.com\/wp-content\/uploads\/2023\/07\/01-boda-casa-de-campo-la-estancia-republica-dominicana-eventos-y-catering-1536x1024.jpg 1536w, http:\/\/eventosycateringrd.com\/wp-content\/uploads\/2023\/07\/01-boda-casa-de-campo-la-estancia-republica-dominicana-eventos-y-catering-2048x1365.jpg 2048w, http:\/\/eventosycateringrd.com\/wp-content\/uploads\/2023\/07\/01-boda-casa-de-campo-la-estancia-republica-dominicana-eventos-y-catering-700x467.jpg 700w\" sizes=\"(max-width: 2100px) 100vw, 2100px\" \/>\t\t\t\t\t\t\t\t\t\t\t\t\t\t\t<\/div>\n\t\t\t\t<\/div>\n\t\t\t\t\t<\/div>\n\t\t<\/div>\n\t\t\t\t\t<\/div>\n\t\t<\/section>\n\t\t\t\t<section class=\"elementor-section elementor-top-section elementor-element elementor-element-125e7482 elementor-section-full_width elementor-section-stretched elementor-section-height-default elementor-section-height-default parallax_section_no qode_elementor_container_no\" data-id=\"125e7482\" data-element_type=\"section\" data-e-type=\"section\" data-settings=\"{&quot;stretch_section&quot;:&quot;section-stretched&quot;}\">\n\t\t\t\t\t\t<div class=\"elementor-container elementor-column-gap-no\">\n\t\t\t\t\t<div class=\"elementor-column elementor-col-50 elementor-top-column elementor-element elementor-element-224b9408\" data-id=\"224b9408\" data-element_type=\"column\" data-e-type=\"column\">\n\t\t\t<div class=\"elementor-widget-wrap elementor-element-populated\">\n\t\t\t\t\t\t<div class=\"elementor-element elementor-element-3b053a8 elementor-widget elementor-widget-bridge_advanced_image_gallery\" data-id=\"3b053a8\" data-element_type=\"widget\" data-e-type=\"widget\" data-widget_type=\"bridge_advanced_image_gallery.default\">\n\t\t\t\t<div class=\"elementor-widget-container\">\n\t\t\t\t\t<div class=\"qode-advanced-image-gallery  qode-aig-grid-type qode-tiny-space  qode-image-behavior-lightbox \">\n\t<div class=\"qode-aig-inner qode-outer-space qode-aig-grid qode-aig-two-columns\">\n\t\t\t\t\t<div class=\"qode-aig-image qode-item-space\">\n\t\t\t\t<div class=\"qode-aig-image-inner\">\n\t\t\t\t\t\t\t\t\t\t\t<a itemprop=\"image\" class=\"qode-aig-lightbox\" href=\"http:\/\/eventosycateringrd.com\/wp-content\/uploads\/2023\/07\/01-boda-casa-de-campo-la-estancia-republica-dominicana-eventos-y-catering.jpg\" data-rel=\"prettyPhoto[image_gallery_pretty_photo-262]\" title=\"01-boda-casa-de-campo-la-estancia-republica-dominicana-eventos-y-catering\">\n\t\t\t\t\t\t\t\t\t\t\t<img decoding=\"async\" width=\"2100\" height=\"1400\" src=\"http:\/\/eventosycateringrd.com\/wp-content\/uploads\/2023\/07\/01-boda-casa-de-campo-la-estancia-republica-dominicana-eventos-y-catering.jpg\" class=\"attachment-full size-full\" alt=\"\" srcset=\"http:\/\/eventosycateringrd.com\/wp-content\/uploads\/2023\/07\/01-boda-casa-de-campo-la-estancia-republica-dominicana-eventos-y-catering.jpg 2100w, http:\/\/eventosycateringrd.com\/wp-content\/uploads\/2023\/07\/01-boda-casa-de-campo-la-estancia-republica-dominicana-eventos-y-catering-300x200.jpg 300w, http:\/\/eventosycateringrd.com\/wp-content\/uploads\/2023\/07\/01-boda-casa-de-campo-la-estancia-republica-dominicana-eventos-y-catering-1024x683.jpg 1024w, http:\/\/eventosycateringrd.com\/wp-content\/uploads\/2023\/07\/01-boda-casa-de-campo-la-estancia-republica-dominicana-eventos-y-catering-768x512.jpg 768w, http:\/\/eventosycateringrd.com\/wp-content\/uploads\/2023\/07\/01-boda-casa-de-campo-la-estancia-republica-dominicana-eventos-y-catering-1536x1024.jpg 1536w, http:\/\/eventosycateringrd.com\/wp-content\/uploads\/2023\/07\/01-boda-casa-de-campo-la-estancia-republica-dominicana-eventos-y-catering-2048x1365.jpg 2048w, http:\/\/eventosycateringrd.com\/wp-content\/uploads\/2023\/07\/01-boda-casa-de-campo-la-estancia-republica-dominicana-eventos-y-catering-700x467.jpg 700w\" sizes=\"(max-width: 2100px) 100vw, 2100px\" \/>\t\t\t\t\t\t<span class=\"aig-gallery-hover\">\n\t\t\t\t\t\t\t\t\t\t\t\t\t\t\t<span class=\"icon-arrows-plus\"><\/span> \n\t\t\t\t\t\t\t\t\t\t\t\t\t<\/span>\n\t\t\t\t\t\t\t\t\t\t\t<\/a>\n\t\t\t\t\t\t\t\t\t<\/div>\n\t\t\t<\/div>\n\t\t\t\t\t\t\t\t<div class=\"qode-aig-image qode-item-space\">\n\t\t\t\t<div class=\"qode-aig-image-inner\">\n\t\t\t\t\t\t\t\t\t\t\t<a itemprop=\"image\" class=\"qode-aig-lightbox\" href=\"http:\/\/eventosycateringrd.com\/wp-content\/uploads\/2023\/07\/02-boda-la-estancia-casa-de-campo.jpg\" data-rel=\"prettyPhoto[image_gallery_pretty_photo-262]\" title=\"02-boda-la-estancia-casa-de-campo\">\n\t\t\t\t\t\t\t\t\t\t\t<img decoding=\"async\" width=\"1400\" height=\"933\" src=\"http:\/\/eventosycateringrd.com\/wp-content\/uploads\/2023\/07\/02-boda-la-estancia-casa-de-campo.jpg\" class=\"attachment-full size-full\" alt=\"\" srcset=\"http:\/\/eventosycateringrd.com\/wp-content\/uploads\/2023\/07\/02-boda-la-estancia-casa-de-campo.jpg 1400w, http:\/\/eventosycateringrd.com\/wp-content\/uploads\/2023\/07\/02-boda-la-estancia-casa-de-campo-300x200.jpg 300w, http:\/\/eventosycateringrd.com\/wp-content\/uploads\/2023\/07\/02-boda-la-estancia-casa-de-campo-1024x682.jpg 1024w, http:\/\/eventosycateringrd.com\/wp-content\/uploads\/2023\/07\/02-boda-la-estancia-casa-de-campo-768x512.jpg 768w, http:\/\/eventosycateringrd.com\/wp-content\/uploads\/2023\/07\/02-boda-la-estancia-casa-de-campo-700x467.jpg 700w\" sizes=\"(max-width: 1400px) 100vw, 1400px\" \/>\t\t\t\t\t\t<span class=\"aig-gallery-hover\">\n\t\t\t\t\t\t\t\t\t\t\t\t\t\t\t<span class=\"icon-arrows-plus\"><\/span> \n\t\t\t\t\t\t\t\t\t\t\t\t\t<\/span>\n\t\t\t\t\t\t\t\t\t\t\t<\/a>\n\t\t\t\t\t\t\t\t\t<\/div>\n\t\t\t<\/div>\n\t\t\t\t\t\t\t\t<div class=\"qode-aig-image qode-item-space\">\n\t\t\t\t<div class=\"qode-aig-image-inner\">\n\t\t\t\t\t\t\t\t\t\t\t<a itemprop=\"image\" class=\"qode-aig-lightbox\" href=\"http:\/\/eventosycateringrd.com\/wp-content\/uploads\/2023\/07\/03-boda-la-estancia-casa-de-campo.jpg\" data-rel=\"prettyPhoto[image_gallery_pretty_photo-262]\" title=\"03-boda-la-estancia-casa-de-campo\">\n\t\t\t\t\t\t\t\t\t\t\t<img loading=\"lazy\" decoding=\"async\" width=\"1307\" height=\"871\" src=\"http:\/\/eventosycateringrd.com\/wp-content\/uploads\/2023\/07\/03-boda-la-estancia-casa-de-campo.jpg\" class=\"attachment-full size-full\" alt=\"\" srcset=\"http:\/\/eventosycateringrd.com\/wp-content\/uploads\/2023\/07\/03-boda-la-estancia-casa-de-campo.jpg 1307w, http:\/\/eventosycateringrd.com\/wp-content\/uploads\/2023\/07\/03-boda-la-estancia-casa-de-campo-300x200.jpg 300w, http:\/\/eventosycateringrd.com\/wp-content\/uploads\/2023\/07\/03-boda-la-estancia-casa-de-campo-1024x682.jpg 1024w, http:\/\/eventosycateringrd.com\/wp-content\/uploads\/2023\/07\/03-boda-la-estancia-casa-de-campo-768x512.jpg 768w, http:\/\/eventosycateringrd.com\/wp-content\/uploads\/2023\/07\/03-boda-la-estancia-casa-de-campo-700x466.jpg 700w\" sizes=\"(max-width: 1307px) 100vw, 1307px\" \/>\t\t\t\t\t\t<span class=\"aig-gallery-hover\">\n\t\t\t\t\t\t\t\t\t\t\t\t\t\t\t<span class=\"icon-arrows-plus\"><\/span> \n\t\t\t\t\t\t\t\t\t\t\t\t\t<\/span>\n\t\t\t\t\t\t\t\t\t\t\t<\/a>\n\t\t\t\t\t\t\t\t\t<\/div>\n\t\t\t<\/div>\n\t\t\t\t\t\t\t\t<div class=\"qode-aig-image qode-item-space\">\n\t\t\t\t<div class=\"qode-aig-image-inner\">\n\t\t\t\t\t\t\t\t\t\t\t<a itemprop=\"image\" class=\"qode-aig-lightbox\" href=\"http:\/\/eventosycateringrd.com\/wp-content\/uploads\/2023\/07\/04-boda-la-estancia-casa-de-campo.jpg\" data-rel=\"prettyPhoto[image_gallery_pretty_photo-262]\" title=\"04-boda-la-estancia-casa-de-campo\">\n\t\t\t\t\t\t\t\t\t\t\t<img loading=\"lazy\" decoding=\"async\" width=\"1400\" height=\"933\" src=\"http:\/\/eventosycateringrd.com\/wp-content\/uploads\/2023\/07\/04-boda-la-estancia-casa-de-campo.jpg\" class=\"attachment-full size-full\" alt=\"\" srcset=\"http:\/\/eventosycateringrd.com\/wp-content\/uploads\/2023\/07\/04-boda-la-estancia-casa-de-campo.jpg 1400w, http:\/\/eventosycateringrd.com\/wp-content\/uploads\/2023\/07\/04-boda-la-estancia-casa-de-campo-300x200.jpg 300w, http:\/\/eventosycateringrd.com\/wp-content\/uploads\/2023\/07\/04-boda-la-estancia-casa-de-campo-1024x682.jpg 1024w, http:\/\/eventosycateringrd.com\/wp-content\/uploads\/2023\/07\/04-boda-la-estancia-casa-de-campo-768x512.jpg 768w, http:\/\/eventosycateringrd.com\/wp-content\/uploads\/2023\/07\/04-boda-la-estancia-casa-de-campo-700x467.jpg 700w\" sizes=\"(max-width: 1400px) 100vw, 1400px\" \/>\t\t\t\t\t\t<span class=\"aig-gallery-hover\">\n\t\t\t\t\t\t\t\t\t\t\t\t\t\t\t<span class=\"icon-arrows-plus\"><\/span> \n\t\t\t\t\t\t\t\t\t\t\t\t\t<\/span>\n\t\t\t\t\t\t\t\t\t\t\t<\/a>\n\t\t\t\t\t\t\t\t\t<\/div>\n\t\t\t<\/div>\n\t\t\t\t\t\t\t\t<div class=\"qode-aig-image qode-item-space\">\n\t\t\t\t<div class=\"qode-aig-image-inner\">\n\t\t\t\t\t\t\t\t\t\t\t<a itemprop=\"image\" class=\"qode-aig-lightbox\" href=\"http:\/\/eventosycateringrd.com\/wp-content\/uploads\/2023\/07\/05-boda-la-estancia-casa-de-campo.jpg\" data-rel=\"prettyPhoto[image_gallery_pretty_photo-262]\" title=\"05-boda-la-estancia-casa-de-campo\">\n\t\t\t\t\t\t\t\t\t\t\t<img loading=\"lazy\" decoding=\"async\" width=\"933\" height=\"1400\" src=\"http:\/\/eventosycateringrd.com\/wp-content\/uploads\/2023\/07\/05-boda-la-estancia-casa-de-campo.jpg\" class=\"attachment-full size-full\" alt=\"\" srcset=\"http:\/\/eventosycateringrd.com\/wp-content\/uploads\/2023\/07\/05-boda-la-estancia-casa-de-campo.jpg 933w, http:\/\/eventosycateringrd.com\/wp-content\/uploads\/2023\/07\/05-boda-la-estancia-casa-de-campo-200x300.jpg 200w, http:\/\/eventosycateringrd.com\/wp-content\/uploads\/2023\/07\/05-boda-la-estancia-casa-de-campo-682x1024.jpg 682w, http:\/\/eventosycateringrd.com\/wp-content\/uploads\/2023\/07\/05-boda-la-estancia-casa-de-campo-768x1152.jpg 768w, http:\/\/eventosycateringrd.com\/wp-content\/uploads\/2023\/07\/05-boda-la-estancia-casa-de-campo-700x1050.jpg 700w\" sizes=\"(max-width: 933px) 100vw, 933px\" \/>\t\t\t\t\t\t<span class=\"aig-gallery-hover\">\n\t\t\t\t\t\t\t\t\t\t\t\t\t\t\t<span class=\"icon-arrows-plus\"><\/span> \n\t\t\t\t\t\t\t\t\t\t\t\t\t<\/span>\n\t\t\t\t\t\t\t\t\t\t\t<\/a>\n\t\t\t\t\t\t\t\t\t<\/div>\n\t\t\t<\/div>\n\t\t\t\t\t\t\t\t<div class=\"qode-aig-image qode-item-space\">\n\t\t\t\t<div class=\"qode-aig-image-inner\">\n\t\t\t\t\t\t\t\t\t\t\t<a itemprop=\"image\" class=\"qode-aig-lightbox\" href=\"http:\/\/eventosycateringrd.com\/wp-content\/uploads\/2023\/07\/07-boda-la-estancia-casa-de-campo.jpg\" data-rel=\"prettyPhoto[image_gallery_pretty_photo-262]\" title=\"07-boda-la-estancia-casa-de-campo\">\n\t\t\t\t\t\t\t\t\t\t\t<img loading=\"lazy\" decoding=\"async\" width=\"933\" height=\"1400\" src=\"http:\/\/eventosycateringrd.com\/wp-content\/uploads\/2023\/07\/07-boda-la-estancia-casa-de-campo.jpg\" class=\"attachment-full size-full\" alt=\"\" srcset=\"http:\/\/eventosycateringrd.com\/wp-content\/uploads\/2023\/07\/07-boda-la-estancia-casa-de-campo.jpg 933w, http:\/\/eventosycateringrd.com\/wp-content\/uploads\/2023\/07\/07-boda-la-estancia-casa-de-campo-200x300.jpg 200w, http:\/\/eventosycateringrd.com\/wp-content\/uploads\/2023\/07\/07-boda-la-estancia-casa-de-campo-682x1024.jpg 682w, http:\/\/eventosycateringrd.com\/wp-content\/uploads\/2023\/07\/07-boda-la-estancia-casa-de-campo-768x1152.jpg 768w, http:\/\/eventosycateringrd.com\/wp-content\/uploads\/2023\/07\/07-boda-la-estancia-casa-de-campo-700x1050.jpg 700w\" sizes=\"(max-width: 933px) 100vw, 933px\" \/>\t\t\t\t\t\t<span class=\"aig-gallery-hover\">\n\t\t\t\t\t\t\t\t\t\t\t\t\t\t\t<span class=\"icon-arrows-plus\"><\/span> \n\t\t\t\t\t\t\t\t\t\t\t\t\t<\/span>\n\t\t\t\t\t\t\t\t\t\t\t<\/a>\n\t\t\t\t\t\t\t\t\t<\/div>\n\t\t\t<\/div>\n\t\t\t\t\t\t\t\t<div class=\"qode-aig-image qode-item-space\">\n\t\t\t\t<div class=\"qode-aig-image-inner\">\n\t\t\t\t\t\t\t\t\t\t\t<a itemprop=\"image\" class=\"qode-aig-lightbox\" href=\"http:\/\/eventosycateringrd.com\/wp-content\/uploads\/2023\/07\/06-boda-la-estancia-casa-de-campo.jpg\" data-rel=\"prettyPhoto[image_gallery_pretty_photo-262]\" title=\"06-boda-la-estancia-casa-de-campo\">\n\t\t\t\t\t\t\t\t\t\t\t<img loading=\"lazy\" decoding=\"async\" width=\"1400\" height=\"933\" src=\"http:\/\/eventosycateringrd.com\/wp-content\/uploads\/2023\/07\/06-boda-la-estancia-casa-de-campo.jpg\" class=\"attachment-full size-full\" alt=\"\" srcset=\"http:\/\/eventosycateringrd.com\/wp-content\/uploads\/2023\/07\/06-boda-la-estancia-casa-de-campo.jpg 1400w, http:\/\/eventosycateringrd.com\/wp-content\/uploads\/2023\/07\/06-boda-la-estancia-casa-de-campo-300x200.jpg 300w, http:\/\/eventosycateringrd.com\/wp-content\/uploads\/2023\/07\/06-boda-la-estancia-casa-de-campo-1024x682.jpg 1024w, http:\/\/eventosycateringrd.com\/wp-content\/uploads\/2023\/07\/06-boda-la-estancia-casa-de-campo-768x512.jpg 768w, http:\/\/eventosycateringrd.com\/wp-content\/uploads\/2023\/07\/06-boda-la-estancia-casa-de-campo-700x467.jpg 700w\" sizes=\"(max-width: 1400px) 100vw, 1400px\" \/>\t\t\t\t\t\t<span class=\"aig-gallery-hover\">\n\t\t\t\t\t\t\t\t\t\t\t\t\t\t\t<span class=\"icon-arrows-plus\"><\/span> \n\t\t\t\t\t\t\t\t\t\t\t\t\t<\/span>\n\t\t\t\t\t\t\t\t\t\t\t<\/a>\n\t\t\t\t\t\t\t\t\t<\/div>\n\t\t\t<\/div>\n\t\t\t\t\t\t\t\t<div class=\"qode-aig-image qode-item-space\">\n\t\t\t\t<div class=\"qode-aig-image-inner\">\n\t\t\t\t\t\t\t\t\t\t\t<a itemprop=\"image\" class=\"qode-aig-lightbox\" href=\"http:\/\/eventosycateringrd.com\/wp-content\/uploads\/2023\/07\/08-boda-la-estancia-casa-de-campo.jpg\" data-rel=\"prettyPhoto[image_gallery_pretty_photo-262]\" title=\"08-boda-la-estancia-casa-de-campo\">\n\t\t\t\t\t\t\t\t\t\t\t<img loading=\"lazy\" decoding=\"async\" width=\"1400\" height=\"933\" src=\"http:\/\/eventosycateringrd.com\/wp-content\/uploads\/2023\/07\/08-boda-la-estancia-casa-de-campo.jpg\" class=\"attachment-full size-full\" alt=\"\" srcset=\"http:\/\/eventosycateringrd.com\/wp-content\/uploads\/2023\/07\/08-boda-la-estancia-casa-de-campo.jpg 1400w, http:\/\/eventosycateringrd.com\/wp-content\/uploads\/2023\/07\/08-boda-la-estancia-casa-de-campo-300x200.jpg 300w, http:\/\/eventosycateringrd.com\/wp-content\/uploads\/2023\/07\/08-boda-la-estancia-casa-de-campo-1024x682.jpg 1024w, http:\/\/eventosycateringrd.com\/wp-content\/uploads\/2023\/07\/08-boda-la-estancia-casa-de-campo-768x512.jpg 768w, http:\/\/eventosycateringrd.com\/wp-content\/uploads\/2023\/07\/08-boda-la-estancia-casa-de-campo-700x467.jpg 700w\" sizes=\"(max-width: 1400px) 100vw, 1400px\" \/>\t\t\t\t\t\t<span class=\"aig-gallery-hover\">\n\t\t\t\t\t\t\t\t\t\t\t\t\t\t\t<span class=\"icon-arrows-plus\"><\/span> \n\t\t\t\t\t\t\t\t\t\t\t\t\t<\/span>\n\t\t\t\t\t\t\t\t\t\t\t<\/a>\n\t\t\t\t\t\t\t\t\t<\/div>\n\t\t\t<\/div>\n\t\t\t\t\t\t\t\t<div class=\"qode-aig-image qode-item-space\">\n\t\t\t\t<div class=\"qode-aig-image-inner\">\n\t\t\t\t\t\t\t\t\t\t\t<a itemprop=\"image\" class=\"qode-aig-lightbox\" href=\"http:\/\/eventosycateringrd.com\/wp-content\/uploads\/2023\/07\/09-boda-la-estancia-casa-de-campo.jpg\" data-rel=\"prettyPhoto[image_gallery_pretty_photo-262]\" title=\"09-boda-la-estancia-casa-de-campo\">\n\t\t\t\t\t\t\t\t\t\t\t<img loading=\"lazy\" decoding=\"async\" width=\"1400\" height=\"933\" src=\"http:\/\/eventosycateringrd.com\/wp-content\/uploads\/2023\/07\/09-boda-la-estancia-casa-de-campo.jpg\" class=\"attachment-full size-full\" alt=\"\" srcset=\"http:\/\/eventosycateringrd.com\/wp-content\/uploads\/2023\/07\/09-boda-la-estancia-casa-de-campo.jpg 1400w, http:\/\/eventosycateringrd.com\/wp-content\/uploads\/2023\/07\/09-boda-la-estancia-casa-de-campo-300x200.jpg 300w, http:\/\/eventosycateringrd.com\/wp-content\/uploads\/2023\/07\/09-boda-la-estancia-casa-de-campo-1024x682.jpg 1024w, http:\/\/eventosycateringrd.com\/wp-content\/uploads\/2023\/07\/09-boda-la-estancia-casa-de-campo-768x512.jpg 768w, http:\/\/eventosycateringrd.com\/wp-content\/uploads\/2023\/07\/09-boda-la-estancia-casa-de-campo-700x467.jpg 700w\" sizes=\"(max-width: 1400px) 100vw, 1400px\" \/>\t\t\t\t\t\t<span class=\"aig-gallery-hover\">\n\t\t\t\t\t\t\t\t\t\t\t\t\t\t\t<span class=\"icon-arrows-plus\"><\/span> \n\t\t\t\t\t\t\t\t\t\t\t\t\t<\/span>\n\t\t\t\t\t\t\t\t\t\t\t<\/a>\n\t\t\t\t\t\t\t\t\t<\/div>\n\t\t\t<\/div>\n\t\t\t\t\t\t\t\t<div class=\"qode-aig-image qode-item-space\">\n\t\t\t\t<div class=\"qode-aig-image-inner\">\n\t\t\t\t\t\t\t\t\t\t\t<a itemprop=\"image\" class=\"qode-aig-lightbox\" href=\"http:\/\/eventosycateringrd.com\/wp-content\/uploads\/2023\/07\/10-boda-la-estancia-casa-de-campo.jpg\" data-rel=\"prettyPhoto[image_gallery_pretty_photo-262]\" title=\"10-boda-la-estancia-casa-de-campo\">\n\t\t\t\t\t\t\t\t\t\t\t<img loading=\"lazy\" decoding=\"async\" width=\"1400\" height=\"933\" src=\"http:\/\/eventosycateringrd.com\/wp-content\/uploads\/2023\/07\/10-boda-la-estancia-casa-de-campo.jpg\" class=\"attachment-full size-full\" alt=\"\" srcset=\"http:\/\/eventosycateringrd.com\/wp-content\/uploads\/2023\/07\/10-boda-la-estancia-casa-de-campo.jpg 1400w, http:\/\/eventosycateringrd.com\/wp-content\/uploads\/2023\/07\/10-boda-la-estancia-casa-de-campo-300x200.jpg 300w, http:\/\/eventosycateringrd.com\/wp-content\/uploads\/2023\/07\/10-boda-la-estancia-casa-de-campo-1024x682.jpg 1024w, http:\/\/eventosycateringrd.com\/wp-content\/uploads\/2023\/07\/10-boda-la-estancia-casa-de-campo-768x512.jpg 768w, http:\/\/eventosycateringrd.com\/wp-content\/uploads\/2023\/07\/10-boda-la-estancia-casa-de-campo-700x467.jpg 700w\" sizes=\"(max-width: 1400px) 100vw, 1400px\" \/>\t\t\t\t\t\t<span class=\"aig-gallery-hover\">\n\t\t\t\t\t\t\t\t\t\t\t\t\t\t\t<span class=\"icon-arrows-plus\"><\/span> \n\t\t\t\t\t\t\t\t\t\t\t\t\t<\/span>\n\t\t\t\t\t\t\t\t\t\t\t<\/a>\n\t\t\t\t\t\t\t\t\t<\/div>\n\t\t\t<\/div>\n\t\t\t\t\t\t\t\t<div class=\"qode-aig-image qode-item-space\">\n\t\t\t\t<div class=\"qode-aig-image-inner\">\n\t\t\t\t\t\t\t\t\t\t\t<a itemprop=\"image\" class=\"qode-aig-lightbox\" href=\"http:\/\/eventosycateringrd.com\/wp-content\/uploads\/2023\/07\/11-boda-la-estancia-casa-de-campo.jpg\" data-rel=\"prettyPhoto[image_gallery_pretty_photo-262]\" title=\"11-boda-la-estancia-casa-de-campo\">\n\t\t\t\t\t\t\t\t\t\t\t<img loading=\"lazy\" decoding=\"async\" width=\"1400\" height=\"933\" src=\"http:\/\/eventosycateringrd.com\/wp-content\/uploads\/2023\/07\/11-boda-la-estancia-casa-de-campo.jpg\" class=\"attachment-full size-full\" alt=\"\" srcset=\"http:\/\/eventosycateringrd.com\/wp-content\/uploads\/2023\/07\/11-boda-la-estancia-casa-de-campo.jpg 1400w, http:\/\/eventosycateringrd.com\/wp-content\/uploads\/2023\/07\/11-boda-la-estancia-casa-de-campo-300x200.jpg 300w, http:\/\/eventosycateringrd.com\/wp-content\/uploads\/2023\/07\/11-boda-la-estancia-casa-de-campo-1024x682.jpg 1024w, http:\/\/eventosycateringrd.com\/wp-content\/uploads\/2023\/07\/11-boda-la-estancia-casa-de-campo-768x512.jpg 768w, http:\/\/eventosycateringrd.com\/wp-content\/uploads\/2023\/07\/11-boda-la-estancia-casa-de-campo-700x467.jpg 700w\" sizes=\"(max-width: 1400px) 100vw, 1400px\" \/>\t\t\t\t\t\t<span class=\"aig-gallery-hover\">\n\t\t\t\t\t\t\t\t\t\t\t\t\t\t\t<span class=\"icon-arrows-plus\"><\/span> \n\t\t\t\t\t\t\t\t\t\t\t\t\t<\/span>\n\t\t\t\t\t\t\t\t\t\t\t<\/a>\n\t\t\t\t\t\t\t\t\t<\/div>\n\t\t\t<\/div>\n\t\t\t\t\t\t\t\t<div class=\"qode-aig-image qode-item-space\">\n\t\t\t\t<div class=\"qode-aig-image-inner\">\n\t\t\t\t\t\t\t\t\t\t\t<a itemprop=\"image\" class=\"qode-aig-lightbox\" href=\"http:\/\/eventosycateringrd.com\/wp-content\/uploads\/2023\/07\/13-boda-la-estancia-casa-de-campo.jpg\" data-rel=\"prettyPhoto[image_gallery_pretty_photo-262]\" title=\"13-boda-la-estancia-casa-de-campo\">\n\t\t\t\t\t\t\t\t\t\t\t<img loading=\"lazy\" decoding=\"async\" width=\"1400\" height=\"933\" src=\"http:\/\/eventosycateringrd.com\/wp-content\/uploads\/2023\/07\/13-boda-la-estancia-casa-de-campo.jpg\" class=\"attachment-full size-full\" alt=\"\" srcset=\"http:\/\/eventosycateringrd.com\/wp-content\/uploads\/2023\/07\/13-boda-la-estancia-casa-de-campo.jpg 1400w, http:\/\/eventosycateringrd.com\/wp-content\/uploads\/2023\/07\/13-boda-la-estancia-casa-de-campo-300x200.jpg 300w, http:\/\/eventosycateringrd.com\/wp-content\/uploads\/2023\/07\/13-boda-la-estancia-casa-de-campo-1024x682.jpg 1024w, http:\/\/eventosycateringrd.com\/wp-content\/uploads\/2023\/07\/13-boda-la-estancia-casa-de-campo-768x512.jpg 768w, http:\/\/eventosycateringrd.com\/wp-content\/uploads\/2023\/07\/13-boda-la-estancia-casa-de-campo-700x467.jpg 700w\" sizes=\"(max-width: 1400px) 100vw, 1400px\" \/>\t\t\t\t\t\t<span class=\"aig-gallery-hover\">\n\t\t\t\t\t\t\t\t\t\t\t\t\t\t\t<span class=\"icon-arrows-plus\"><\/span> \n\t\t\t\t\t\t\t\t\t\t\t\t\t<\/span>\n\t\t\t\t\t\t\t\t\t\t\t<\/a>\n\t\t\t\t\t\t\t\t\t<\/div>\n\t\t\t<\/div>\n\t\t\t\t\t\t<\/div>\n<\/div>\t\t\t\t<\/div>\n\t\t\t\t<\/div>\n\t\t\t\t\t<\/div>\n\t\t<\/div>\n\t\t\t\t<div class=\"elementor-column elementor-col-50 elementor-top-column elementor-element elementor-element-18dfa435\" data-id=\"18dfa435\" data-element_type=\"column\" data-e-type=\"column\">\n\t\t\t<div class=\"elementor-widget-wrap elementor-element-populated\">\n\t\t\t\t\t\t<div class=\"elementor-element elementor-element-0571ce9 elementor-widget elementor-widget-heading\" data-id=\"0571ce9\" data-element_type=\"widget\" data-e-type=\"widget\" data-widget_type=\"heading.default\">\n\t\t\t\t<div class=\"elementor-widget-container\">\n\t\t\t\t\t<h2 class=\"elementor-heading-title elementor-size-default\">Una Boda Cautivadora en La Estancia &amp; Casa de Campo, La Romana<\/h2>\t\t\t\t<\/div>\n\t\t\t\t<\/div>\n\t\t\t\t<div class=\"elementor-element elementor-element-048f321 elementor-widget elementor-widget-text-editor\" data-id=\"048f321\" data-element_type=\"widget\" data-e-type=\"widget\" data-widget_type=\"text-editor.default\">\n\t\t\t\t<div class=\"elementor-widget-container\">\n\t\t\t\t\t\t\t\t\t<h4>Ad\u00e9ntrate en un mundo de elegancia y romanticismo mientras te presentamos una boda cautivadora celebrada en los exquisitos escenarios de La Estancia &amp; Casa de Campo en La Romana, Rep\u00fablica Dominicana.<\/h4>\n<div><br><\/div>\n<p><\/p>\n<p>Esta encantadora celebraci\u00f3n fue un verdadero testimonio de amor y belleza, enmarcada por la exuberante vegetaci\u00f3n y los paisajes id\u00edlicos de este destino de primer nivel.&nbsp;<\/p>\n<p><br><\/p>\n<p><b>Creando Momentos Inolvidables<\/b><br>Eventos &amp; Catering tuvo el privilegio de dise\u00f1ar una experiencia nupcial que dej\u00f3 a los invitados maravillados. El entorno pintoresco de La Estancia &amp; Casa de Campo fue el lienzo perfecto para esta celebraci\u00f3n de ensue\u00f1o. Desde la ceremonia \u00edntima hasta la gran recepci\u00f3n, cada detalle fue cuidadosamente planeado para crear una atm\u00f3sfera m\u00e1gica.<\/p>\n<p><b>Una Historia de Amor que se Despliega<\/b><br>Con el tel\u00f3n de fondo de palmeras ba\u00f1adas por el sol y una suave brisa marina, la radiante pareja intercambi\u00f3 sus votos, rodeada de sus seres queridos. Las emociones a flor de piel y las risas llenas de alegr\u00eda resonaron durante toda la jornada, convirti\u00e9ndola en una celebraci\u00f3n de amor verdaderamente inolvidable.<\/p>\n<p><b>Un Viaje Culinario para Recordar<\/b><br>Nuestro talentoso equipo de chefs dise\u00f1\u00f3 un recorrido gastron\u00f3mico que deleit\u00f3 los sentidos. Desde los exquisitos aperitivos hasta los platos principales llenos de sabor, cada bocado fue una obra maestra en sabor y presentaci\u00f3n, brindando a los invitados una experiencia culinaria inolvidable.<\/p>\n<p><b>Una Noche Infinita de Celebraci\u00f3n<\/b><br>Al caer el sol, la noche cobr\u00f3 vida con m\u00fasica, baile y alegr\u00eda. Los elegantes espacios de La Estancia &amp; Casa de Campo ofrecieron el entorno perfecto para el festejo, creando momentos de pura felicidad para todos los presentes.<\/p>\n<p><b>Recuerdos Atesorados para Toda la Vida<\/b><br>La boda en La Estancia &amp; Casa de Campo se convirti\u00f3 en un recuerdo inolvidable para la pareja y sus invitados. Cada detalle fue ejecutado a la perfecci\u00f3n, dejando una huella imborrable en sus corazones.<\/p>\n<p><br><\/p>\n<p><b>Haz Realidad Tu Historia de Amor con Eventos &amp; Catering<\/b><br>Acomp\u00e1\u00f1anos a crear tu propia historia de amor en La Estancia &amp; Casa de Campo. Contacta hoy con Eventos &amp; Catering y perm\u00edtenos dise\u00f1ar una celebraci\u00f3n nupcial inolvidable que supere todas tus expectativas.<\/p>\t\t\t\t\t\t\t\t<\/div>\n\t\t\t\t<\/div>\n\t\t\t\t<div class=\"elementor-element elementor-element-5d1c8c5 elementor-widget elementor-widget-heading\" data-id=\"5d1c8c5\" data-element_type=\"widget\" data-e-type=\"widget\" data-widget_type=\"heading.default\">\n\t\t\t\t<div class=\"elementor-widget-container\">\n\t\t\t\t\t<h2 class=\"elementor-heading-title elementor-size-default\">ver m\u00e1s Eventos<\/h2>\t\t\t\t<\/div>\n\t\t\t\t<\/div>\n\t\t\t\t<div class=\"elementor-element elementor-element-ec8c917 elementor-widget elementor-widget-bridge_portfolio_slider\" data-id=\"ec8c917\" data-element_type=\"widget\" data-e-type=\"widget\" data-widget_type=\"bridge_portfolio_slider.default\">\n\t\t\t\t<div class=\"elementor-widget-container\">\n\t\t\t\t\t<div class='portfolio_slider_holder clearfix'><div class='portfolio_slider'  data-number_of_items='4'  ><ul class='portfolio_slides'><li class='item'><div class='image_holder'><span class='image'><span class='image_pixel_hover'><\/span><a itemprop='url' href='http:\/\/eventosycateringrd.com\/es\/portfolio_page\/cena-de-ensayo-en-altos-de-chavon\/' target='_self'><img loading=\"lazy\" decoding=\"async\" width=\"500\" height=\"380\" src=\"http:\/\/eventosycateringrd.com\/wp-content\/uploads\/2023\/07\/80-reharsal-dinner-altos-chavon-casa-de-campo-la-romana-500x380.jpg\" class=\"attachment-portfolio_slider size-portfolio_slider wp-post-image\" alt=\"\" \/><\/a><\/span><div class='hover_feature_holder'><div class=\"hover_feature_holder_outer\"><div class=\"hover_feature_holder_inner\"><h3 itemprop=\"name\" class=\"portfolio_title entry_title\"><a itemprop=\"url\" href=\"http:\/\/eventosycateringrd.com\/es\/portfolio_page\/cena-de-ensayo-en-altos-de-chavon\/\" target=\"_self\">Cena de ensayo en Altos de Chav\u00f3n<\/a><\/h3><span class=\"separator small transparent\"><\/span><div class=\"project_category\">Altos de Chav\u00f3n, Bodas, Casa de Campo, Catering, Eventos, La Romana<\/div><\/div><\/div><\/div><\/div><\/li><li class='item'><div class='image_holder'><span class='image'><span class='image_pixel_hover'><\/span><a itemprop='url' href='http:\/\/eventosycateringrd.com\/es\/portfolio_page\/fiesta-de-bienvenida-en-playa-minitas\/' target='_self'><img loading=\"lazy\" decoding=\"async\" width=\"500\" height=\"380\" src=\"http:\/\/eventosycateringrd.com\/wp-content\/uploads\/2023\/07\/34-welcome-party-playa-minitas-la-romana-eventos-y-catering-500x380.jpg\" class=\"attachment-portfolio_slider size-portfolio_slider wp-post-image\" alt=\"\" \/><\/a><\/span><div class='hover_feature_holder'><div class=\"hover_feature_holder_outer\"><div class=\"hover_feature_holder_inner\"><h3 itemprop=\"name\" class=\"portfolio_title entry_title\"><a itemprop=\"url\" href=\"http:\/\/eventosycateringrd.com\/es\/portfolio_page\/fiesta-de-bienvenida-en-playa-minitas\/\" target=\"_self\">Fiesta de Bienvenida en Playa Minitas<\/a><\/h3><span class=\"separator small transparent\"><\/span><div class=\"project_category\">Bodas, Casa de Campo, Catering, Eventos, La Romana, Playa Minitas<\/div><\/div><\/div><\/div><\/div><\/li><li class='item'><div class='image_holder'><span class='image'><span class='image_pixel_hover'><\/span><a itemprop='url' href='http:\/\/eventosycateringrd.com\/es\/portfolio_page\/ceremonia-en-la-estancia-golf-la-romana\/' target='_self'><img loading=\"lazy\" decoding=\"async\" width=\"500\" height=\"380\" src=\"http:\/\/eventosycateringrd.com\/wp-content\/uploads\/2023\/07\/18-ceremony-la-estancia-golf-la-romana-500x380.jpg\" class=\"attachment-portfolio_slider size-portfolio_slider wp-post-image\" alt=\"\" \/><\/a><\/span><div class='hover_feature_holder'><div class=\"hover_feature_holder_outer\"><div class=\"hover_feature_holder_inner\"><h3 itemprop=\"name\" class=\"portfolio_title entry_title\"><a itemprop=\"url\" href=\"http:\/\/eventosycateringrd.com\/es\/portfolio_page\/ceremonia-en-la-estancia-golf-la-romana\/\" target=\"_self\">Ceremonia en La Estancia Golf La Romana<\/a><\/h3><span class=\"separator small transparent\"><\/span><div class=\"project_category\">Bodas, Catering, Eventos, La Estancia, La Romana<\/div><\/div><\/div><\/div><\/div><\/li><li class='item'><div class='image_holder'><span class='image'><span class='image_pixel_hover'><\/span><a itemprop='url' href='http:\/\/eventosycateringrd.com\/es\/portfolio_page\/boda-en-cap-cana\/' target='_self'><img loading=\"lazy\" decoding=\"async\" width=\"500\" height=\"380\" src=\"http:\/\/eventosycateringrd.com\/wp-content\/uploads\/2023\/06\/13-cap-cana-500x380.jpg\" class=\"attachment-portfolio_slider size-portfolio_slider wp-post-image\" alt=\"\" \/><\/a><\/span><div class='hover_feature_holder'><div class=\"hover_feature_holder_outer\"><div class=\"hover_feature_holder_inner\"><h3 itemprop=\"name\" class=\"portfolio_title entry_title\"><a itemprop=\"url\" href=\"http:\/\/eventosycateringrd.com\/es\/portfolio_page\/boda-en-cap-cana\/\" target=\"_self\">Boda en Cap Cana<\/a><\/h3><span class=\"separator small transparent\"><\/span><div class=\"project_category\">Altos de Chav\u00f3n, B\u00e1varo - Punta Cana, Bodas, Cap Cana, Casa de Campo, Catering, Eventos<\/div><\/div><\/div><\/div><\/div><\/li><li class='item'><div class='image_holder'><span class='image'><span class='image_pixel_hover'><\/span><a itemprop='url' href='http:\/\/eventosycateringrd.com\/es\/portfolio_page\/boda-en-la-estancia-golf-la-romana\/' target='_self'><img loading=\"lazy\" decoding=\"async\" width=\"500\" height=\"380\" src=\"http:\/\/eventosycateringrd.com\/wp-content\/uploads\/2023\/07\/17-boda-la-estancia-500x380.jpg\" class=\"attachment-portfolio_slider size-portfolio_slider wp-post-image\" alt=\"\" \/><\/a><\/span><div class='hover_feature_holder'><div class=\"hover_feature_holder_outer\"><div class=\"hover_feature_holder_inner\"><h3 itemprop=\"name\" class=\"portfolio_title entry_title\"><a itemprop=\"url\" href=\"http:\/\/eventosycateringrd.com\/es\/portfolio_page\/boda-en-la-estancia-golf-la-romana\/\" target=\"_self\">Boda en La Estancia Golf La Romana<\/a><\/h3><span class=\"separator small transparent\"><\/span><div class=\"project_category\">Bodas, Catering, Eventos, La Estancia, La Romana<\/div><\/div><\/div><\/div><\/div><\/li><li class='item'><div class='image_holder'><span class='image'><span class='image_pixel_hover'><\/span><a itemprop='url' href='http:\/\/eventosycateringrd.com\/es\/portfolio_page\/boda-en-la-estancia-golf-casa-de-campo-la-romana\/' target='_self'><img loading=\"lazy\" decoding=\"async\" width=\"500\" height=\"380\" src=\"http:\/\/eventosycateringrd.com\/wp-content\/uploads\/2023\/07\/01-boda-casa-de-campo-la-estancia-republica-dominicana-eventos-y-catering-500x380.jpg\" class=\"attachment-portfolio_slider size-portfolio_slider wp-post-image\" alt=\"\" \/><\/a><\/span><div class='hover_feature_holder'><div class=\"hover_feature_holder_outer\"><div class=\"hover_feature_holder_inner\"><h3 itemprop=\"name\" class=\"portfolio_title entry_title\"><a itemprop=\"url\" href=\"http:\/\/eventosycateringrd.com\/es\/portfolio_page\/boda-en-la-estancia-golf-casa-de-campo-la-romana\/\" target=\"_self\">Boda en La Estancia Golf &#038; Casa de Campo, La Romana<\/a><\/h3><span class=\"separator small transparent\"><\/span><div class=\"project_category\">Bodas, Casa de Campo, Catering, Eventos, La Estancia, La Romana<\/div><\/div><\/div><\/div><\/div><\/li><li class='item'><div class='image_holder'><span class='image'><span class='image_pixel_hover'><\/span><a itemprop='url' href='http:\/\/eventosycateringrd.com\/es\/portfolio_page\/corporate-events\/' target='_self'><\/a><\/span><div class='hover_feature_holder'><div class=\"hover_feature_holder_outer\"><div class=\"hover_feature_holder_inner\"><h3 itemprop=\"name\" class=\"portfolio_title entry_title\"><a itemprop=\"url\" href=\"http:\/\/eventosycateringrd.com\/es\/portfolio_page\/corporate-events\/\" target=\"_self\">Corporate events<\/a><\/h3><span class=\"separator small transparent\"><\/span><div class=\"project_category\"><\/div><\/div><\/div><\/div><\/div><\/li><li class='item'><div class='image_holder'><span class='image'><span class='image_pixel_hover'><\/span><a itemprop='url' href='http:\/\/eventosycateringrd.com\/es\/portfolio_page\/private-parties\/' target='_self'><\/a><\/span><div class='hover_feature_holder'><div class=\"hover_feature_holder_outer\"><div class=\"hover_feature_holder_inner\"><h3 itemprop=\"name\" class=\"portfolio_title entry_title\"><a itemprop=\"url\" href=\"http:\/\/eventosycateringrd.com\/es\/portfolio_page\/private-parties\/\" target=\"_self\">Private parties<\/a><\/h3><span class=\"separator small transparent\"><\/span><div class=\"project_category\"><\/div><\/div><\/div><\/div><\/div><\/li><li class='item'><div class='image_holder'><span class='image'><span class='image_pixel_hover'><\/span><a itemprop='url' href='http:\/\/eventosycateringrd.com\/es\/portfolio_page\/wedding-parties\/' target='_self'><\/a><\/span><div class='hover_feature_holder'><div class=\"hover_feature_holder_outer\"><div class=\"hover_feature_holder_inner\"><h3 itemprop=\"name\" class=\"portfolio_title entry_title\"><a itemprop=\"url\" href=\"http:\/\/eventosycateringrd.com\/es\/portfolio_page\/wedding-parties\/\" target=\"_self\">Wedding parties<\/a><\/h3><span class=\"separator small transparent\"><\/span><div class=\"project_category\"><\/div><\/div><\/div><\/div><\/div><\/li><\/ul><ul class=\"caroufredsel-direction-nav\"><li><a id=\"caroufredsel-prev\" class=\"caroufredsel-prev\" href=\"#\"><div><i class=\"fa fa-angle-left\"><\/i><\/div><\/a><\/li><li><a class=\"caroufredsel-next\" id=\"caroufredsel-next\" href=\"#\"><div><i class=\"fa fa-angle-right\"><\/i><\/div><\/a><\/li><\/ul><\/div><\/div>\t\t\t\t<\/div>\n\t\t\t\t<\/div>\n\t\t\t\t<div class=\"elementor-element elementor-element-2b0a52b elementor-widget elementor-widget-heading\" data-id=\"2b0a52b\" data-element_type=\"widget\" data-e-type=\"widget\" data-widget_type=\"heading.default\">\n\t\t\t\t<div class=\"elementor-widget-container\">\n\t\t\t\t\t<h2 class=\"elementor-heading-title elementor-size-default\">disfruta nuestros posts<\/h2>\t\t\t\t<\/div>\n\t\t\t\t<\/div>\n\t\t\t\t<div class=\"elementor-element elementor-element-9e3f431 elementor-grid-1 elementor-grid-tablet-2 elementor-grid-mobile-1 elementor-posts--thumbnail-top elementor-widget elementor-widget-posts\" data-id=\"9e3f431\" data-element_type=\"widget\" data-e-type=\"widget\" data-settings=\"{&quot;classic_columns&quot;:&quot;1&quot;,&quot;pagination_type&quot;:&quot;prev_next&quot;,&quot;classic_columns_tablet&quot;:&quot;2&quot;,&quot;classic_columns_mobile&quot;:&quot;1&quot;,&quot;classic_row_gap&quot;:{&quot;unit&quot;:&quot;px&quot;,&quot;size&quot;:35,&quot;sizes&quot;:[]},&quot;classic_row_gap_tablet&quot;:{&quot;unit&quot;:&quot;px&quot;,&quot;size&quot;:&quot;&quot;,&quot;sizes&quot;:[]},&quot;classic_row_gap_mobile&quot;:{&quot;unit&quot;:&quot;px&quot;,&quot;size&quot;:&quot;&quot;,&quot;sizes&quot;:[]}}\" data-widget_type=\"posts.classic\">\n\t\t\t\t<div class=\"elementor-widget-container\">\n\t\t\t\t\t\t\t<div class=\"elementor-posts-container elementor-posts elementor-posts--skin-classic elementor-grid\">\n\t\t\t\t<article class=\"elementor-post elementor-grid-item post-3468 post type-post status-publish format-standard has-post-thumbnail hentry category-blog category-republica-dominicana\">\n\t\t\t\t<a class=\"elementor-post__thumbnail__link\" href=\"http:\/\/eventosycateringrd.com\/es\/republica-dominicana-lo-tiene-todo\/\" tabindex=\"-1\" >\n\t\t\t<div class=\"elementor-post__thumbnail\"><img loading=\"lazy\" decoding=\"async\" width=\"300\" height=\"200\" src=\"http:\/\/eventosycateringrd.com\/wp-content\/uploads\/2023\/06\/dominican-republic-has-it-all-300x200.jpg\" class=\"attachment-medium size-medium wp-image-3438\" alt=\"\" srcset=\"http:\/\/eventosycateringrd.com\/wp-content\/uploads\/2023\/06\/dominican-republic-has-it-all-300x200.jpg 300w, http:\/\/eventosycateringrd.com\/wp-content\/uploads\/2023\/06\/dominican-republic-has-it-all-1024x683.jpg 1024w, http:\/\/eventosycateringrd.com\/wp-content\/uploads\/2023\/06\/dominican-republic-has-it-all-768x512.jpg 768w, http:\/\/eventosycateringrd.com\/wp-content\/uploads\/2023\/06\/dominican-republic-has-it-all-1536x1024.jpg 1536w, http:\/\/eventosycateringrd.com\/wp-content\/uploads\/2023\/06\/dominican-republic-has-it-all-700x467.jpg 700w, http:\/\/eventosycateringrd.com\/wp-content\/uploads\/2023\/06\/dominican-republic-has-it-all.jpg 1920w\" sizes=\"(max-width: 300px) 100vw, 300px\" \/><\/div>\n\t\t<\/a>\n\t\t\t\t<div class=\"elementor-post__text\">\n\t\t\t\t<h3 class=\"elementor-post__title\">\n\t\t\t<a href=\"http:\/\/eventosycateringrd.com\/es\/republica-dominicana-lo-tiene-todo\/\" >\n\t\t\t\tRep\u00fablica Dominicana lo tiene todo\t\t\t<\/a>\n\t\t<\/h3>\n\t\t\n\t\t<a class=\"elementor-post__read-more\" href=\"http:\/\/eventosycateringrd.com\/es\/republica-dominicana-lo-tiene-todo\/\" aria-label=\"M\u00e1s informaci\u00f3n sobre Rep\u00fablica Dominicana lo tiene todo\" tabindex=\"-1\" >\n\t\t\tRead More \u00bb\t\t<\/a>\n\n\t\t\t\t<\/div>\n\t\t\t\t<\/article>\n\t\t\t\t<\/div>\n\t\t\n\t\t\t\t<div class=\"e-load-more-anchor\" data-page=\"1\" data-max-page=\"3\" data-next-page=\"http:\/\/eventosycateringrd.com\/es\/wp-json\/wp\/v2\/portfolio_\/page\/2\/\"><\/div>\n\t\t\t\t<nav class=\"elementor-pagination\" aria-label=\"Paginaci\u00f3n\">\n\t\t\t<span class=\"page-numbers prev\">&laquo; Previous<\/span>\n<a class=\"page-numbers next\" href=\"http:\/\/eventosycateringrd.com\/es\/wp-json\/wp\/v2\/portfolio_\/page\/2\/\">Next &raquo;<\/a>\t\t<\/nav>\n\t\t\t\t\t\t<\/div>\n\t\t\t\t<\/div>\n\t\t\t\t\t<\/div>\n\t\t<\/div>\n\t\t\t\t\t<\/div>\n\t\t<\/section>\n\t\t\t\t<section class=\"elementor-section elementor-top-section elementor-element elementor-element-7a49d8a elementor-section-full_width elementor-section-stretched elementor-section-height-default elementor-section-height-default parallax_section_no qode_elementor_container_no\" data-id=\"7a49d8a\" data-element_type=\"section\" data-e-type=\"section\" data-settings=\"{&quot;stretch_section&quot;:&quot;section-stretched&quot;}\">\n\t\t\t\t\t\t<div class=\"elementor-container elementor-column-gap-default\">\n\t\t\t\t\t<div class=\"elementor-column elementor-col-100 elementor-top-column elementor-element elementor-element-b22b1b8\" data-id=\"b22b1b8\" data-element_type=\"column\" data-e-type=\"column\">\n\t\t\t<div class=\"elementor-widget-wrap elementor-element-populated\">\n\t\t\t\t\t\t<div class=\"elementor-element elementor-element-50bac61 elementor-widget elementor-widget-bridge_advanced_image_gallery\" data-id=\"50bac61\" data-element_type=\"widget\" data-e-type=\"widget\" data-widget_type=\"bridge_advanced_image_gallery.default\">\n\t\t\t\t<div class=\"elementor-widget-container\">\n\t\t\t\t\t<div class=\"qode-advanced-image-gallery  qode-aig-grid-type qode-tiny-space  qode-image-behavior-lightbox \">\n\t<div class=\"qode-aig-inner qode-outer-space qode-aig-grid qode-aig-three-columns\">\n\t\t\t\t\t<div class=\"qode-aig-image qode-item-space\">\n\t\t\t\t<div class=\"qode-aig-image-inner\">\n\t\t\t\t\t\t\t\t\t\t\t<a itemprop=\"image\" class=\"qode-aig-lightbox\" href=\"http:\/\/eventosycateringrd.com\/wp-content\/uploads\/2023\/07\/novios-la-estancia.jpg\" data-rel=\"prettyPhoto[image_gallery_pretty_photo-25]\" title=\"novios-la-estancia\">\n\t\t\t\t\t\t\t\t\t\t\t<img loading=\"lazy\" decoding=\"async\" width=\"1400\" height=\"933\" src=\"http:\/\/eventosycateringrd.com\/wp-content\/uploads\/2023\/07\/novios-la-estancia.jpg\" class=\"attachment-full size-full\" alt=\"\" srcset=\"http:\/\/eventosycateringrd.com\/wp-content\/uploads\/2023\/07\/novios-la-estancia.jpg 1400w, http:\/\/eventosycateringrd.com\/wp-content\/uploads\/2023\/07\/novios-la-estancia-300x200.jpg 300w, http:\/\/eventosycateringrd.com\/wp-content\/uploads\/2023\/07\/novios-la-estancia-1024x682.jpg 1024w, http:\/\/eventosycateringrd.com\/wp-content\/uploads\/2023\/07\/novios-la-estancia-768x512.jpg 768w, http:\/\/eventosycateringrd.com\/wp-content\/uploads\/2023\/07\/novios-la-estancia-700x467.jpg 700w\" sizes=\"(max-width: 1400px) 100vw, 1400px\" \/>\t\t\t\t\t\t<span class=\"aig-gallery-hover\">\n\t\t\t\t\t\t\t\t\t\t\t\t\t\t\t<span class=\"icon-arrows-plus\"><\/span> \n\t\t\t\t\t\t\t\t\t\t\t\t\t<\/span>\n\t\t\t\t\t\t\t\t\t\t\t<\/a>\n\t\t\t\t\t\t\t\t\t<\/div>\n\t\t\t<\/div>\n\t\t\t\t\t\t\t\t<div class=\"qode-aig-image qode-item-space\">\n\t\t\t\t<div class=\"qode-aig-image-inner\">\n\t\t\t\t\t\t\t\t\t\t\t<a itemprop=\"image\" class=\"qode-aig-lightbox\" href=\"http:\/\/eventosycateringrd.com\/wp-content\/uploads\/2023\/07\/novios-bailando-la-estancia.jpg\" data-rel=\"prettyPhoto[image_gallery_pretty_photo-25]\" title=\"novios-bailando-la-estancia\">\n\t\t\t\t\t\t\t\t\t\t\t<img loading=\"lazy\" decoding=\"async\" width=\"1400\" height=\"933\" src=\"http:\/\/eventosycateringrd.com\/wp-content\/uploads\/2023\/07\/novios-bailando-la-estancia.jpg\" class=\"attachment-full size-full\" alt=\"\" srcset=\"http:\/\/eventosycateringrd.com\/wp-content\/uploads\/2023\/07\/novios-bailando-la-estancia.jpg 1400w, http:\/\/eventosycateringrd.com\/wp-content\/uploads\/2023\/07\/novios-bailando-la-estancia-300x200.jpg 300w, http:\/\/eventosycateringrd.com\/wp-content\/uploads\/2023\/07\/novios-bailando-la-estancia-1024x682.jpg 1024w, http:\/\/eventosycateringrd.com\/wp-content\/uploads\/2023\/07\/novios-bailando-la-estancia-768x512.jpg 768w, http:\/\/eventosycateringrd.com\/wp-content\/uploads\/2023\/07\/novios-bailando-la-estancia-700x467.jpg 700w\" sizes=\"(max-width: 1400px) 100vw, 1400px\" \/>\t\t\t\t\t\t<span class=\"aig-gallery-hover\">\n\t\t\t\t\t\t\t\t\t\t\t\t\t\t\t<span class=\"icon-arrows-plus\"><\/span> \n\t\t\t\t\t\t\t\t\t\t\t\t\t<\/span>\n\t\t\t\t\t\t\t\t\t\t\t<\/a>\n\t\t\t\t\t\t\t\t\t<\/div>\n\t\t\t<\/div>\n\t\t\t\t\t\t\t\t<div class=\"qode-aig-image qode-item-space\">\n\t\t\t\t<div class=\"qode-aig-image-inner\">\n\t\t\t\t\t\t\t\t\t\t\t<a itemprop=\"image\" class=\"qode-aig-lightbox\" href=\"http:\/\/eventosycateringrd.com\/wp-content\/uploads\/2023\/07\/mesa-catering-boda-la-estancia.jpg\" data-rel=\"prettyPhoto[image_gallery_pretty_photo-25]\" title=\"mesa-catering-boda-la-estancia\">\n\t\t\t\t\t\t\t\t\t\t\t<img loading=\"lazy\" decoding=\"async\" width=\"1400\" height=\"933\" src=\"http:\/\/eventosycateringrd.com\/wp-content\/uploads\/2023\/07\/mesa-catering-boda-la-estancia.jpg\" class=\"attachment-full size-full\" alt=\"\" srcset=\"http:\/\/eventosycateringrd.com\/wp-content\/uploads\/2023\/07\/mesa-catering-boda-la-estancia.jpg 1400w, http:\/\/eventosycateringrd.com\/wp-content\/uploads\/2023\/07\/mesa-catering-boda-la-estancia-300x200.jpg 300w, http:\/\/eventosycateringrd.com\/wp-content\/uploads\/2023\/07\/mesa-catering-boda-la-estancia-1024x682.jpg 1024w, http:\/\/eventosycateringrd.com\/wp-content\/uploads\/2023\/07\/mesa-catering-boda-la-estancia-768x512.jpg 768w, http:\/\/eventosycateringrd.com\/wp-content\/uploads\/2023\/07\/mesa-catering-boda-la-estancia-700x467.jpg 700w\" sizes=\"(max-width: 1400px) 100vw, 1400px\" \/>\t\t\t\t\t\t<span class=\"aig-gallery-hover\">\n\t\t\t\t\t\t\t\t\t\t\t\t\t\t\t<span class=\"icon-arrows-plus\"><\/span> \n\t\t\t\t\t\t\t\t\t\t\t\t\t<\/span>\n\t\t\t\t\t\t\t\t\t\t\t<\/a>\n\t\t\t\t\t\t\t\t\t<\/div>\n\t\t\t<\/div>\n\t\t\t\t\t\t\t\t<div class=\"qode-aig-image qode-item-space\">\n\t\t\t\t<div class=\"qode-aig-image-inner\">\n\t\t\t\t\t\t\t\t\t\t\t<a itemprop=\"image\" class=\"qode-aig-lightbox\" href=\"http:\/\/eventosycateringrd.com\/wp-content\/uploads\/2023\/07\/fiesta-boda-la-estancia.jpg\" data-rel=\"prettyPhoto[image_gallery_pretty_photo-25]\" title=\"fiesta-boda-la-estancia\">\n\t\t\t\t\t\t\t\t\t\t\t<img loading=\"lazy\" decoding=\"async\" width=\"1400\" height=\"933\" src=\"http:\/\/eventosycateringrd.com\/wp-content\/uploads\/2023\/07\/fiesta-boda-la-estancia.jpg\" class=\"attachment-full size-full\" alt=\"\" srcset=\"http:\/\/eventosycateringrd.com\/wp-content\/uploads\/2023\/07\/fiesta-boda-la-estancia.jpg 1400w, http:\/\/eventosycateringrd.com\/wp-content\/uploads\/2023\/07\/fiesta-boda-la-estancia-300x200.jpg 300w, http:\/\/eventosycateringrd.com\/wp-content\/uploads\/2023\/07\/fiesta-boda-la-estancia-1024x682.jpg 1024w, http:\/\/eventosycateringrd.com\/wp-content\/uploads\/2023\/07\/fiesta-boda-la-estancia-768x512.jpg 768w, http:\/\/eventosycateringrd.com\/wp-content\/uploads\/2023\/07\/fiesta-boda-la-estancia-700x467.jpg 700w\" sizes=\"(max-width: 1400px) 100vw, 1400px\" \/>\t\t\t\t\t\t<span class=\"aig-gallery-hover\">\n\t\t\t\t\t\t\t\t\t\t\t\t\t\t\t<span class=\"icon-arrows-plus\"><\/span> \n\t\t\t\t\t\t\t\t\t\t\t\t\t<\/span>\n\t\t\t\t\t\t\t\t\t\t\t<\/a>\n\t\t\t\t\t\t\t\t\t<\/div>\n\t\t\t<\/div>\n\t\t\t\t\t\t\t\t<div class=\"qode-aig-image qode-item-space\">\n\t\t\t\t<div class=\"qode-aig-image-inner\">\n\t\t\t\t\t\t\t\t\t\t\t<a itemprop=\"image\" class=\"qode-aig-lightbox\" href=\"http:\/\/eventosycateringrd.com\/wp-content\/uploads\/2023\/07\/espacio-boda-la-estancia.jpg\" data-rel=\"prettyPhoto[image_gallery_pretty_photo-25]\" title=\"espacio-boda-la-estancia\">\n\t\t\t\t\t\t\t\t\t\t\t<img loading=\"lazy\" decoding=\"async\" width=\"1400\" height=\"933\" src=\"http:\/\/eventosycateringrd.com\/wp-content\/uploads\/2023\/07\/espacio-boda-la-estancia.jpg\" class=\"attachment-full size-full\" alt=\"\" srcset=\"http:\/\/eventosycateringrd.com\/wp-content\/uploads\/2023\/07\/espacio-boda-la-estancia.jpg 1400w, http:\/\/eventosycateringrd.com\/wp-content\/uploads\/2023\/07\/espacio-boda-la-estancia-300x200.jpg 300w, http:\/\/eventosycateringrd.com\/wp-content\/uploads\/2023\/07\/espacio-boda-la-estancia-1024x682.jpg 1024w, http:\/\/eventosycateringrd.com\/wp-content\/uploads\/2023\/07\/espacio-boda-la-estancia-768x512.jpg 768w, http:\/\/eventosycateringrd.com\/wp-content\/uploads\/2023\/07\/espacio-boda-la-estancia-700x467.jpg 700w\" sizes=\"(max-width: 1400px) 100vw, 1400px\" \/>\t\t\t\t\t\t<span class=\"aig-gallery-hover\">\n\t\t\t\t\t\t\t\t\t\t\t\t\t\t\t<span class=\"icon-arrows-plus\"><\/span> \n\t\t\t\t\t\t\t\t\t\t\t\t\t<\/span>\n\t\t\t\t\t\t\t\t\t\t\t<\/a>\n\t\t\t\t\t\t\t\t\t<\/div>\n\t\t\t<\/div>\n\t\t\t\t\t\t\t\t<div class=\"qode-aig-image qode-item-space\">\n\t\t\t\t<div class=\"qode-aig-image-inner\">\n\t\t\t\t\t\t\t\t\t\t\t<a itemprop=\"image\" class=\"qode-aig-lightbox\" href=\"http:\/\/eventosycateringrd.com\/wp-content\/uploads\/2023\/07\/decoracion-techo-la-estancia.jpg\" data-rel=\"prettyPhoto[image_gallery_pretty_photo-25]\" title=\"decoracion-techo-la-estancia\">\n\t\t\t\t\t\t\t\t\t\t\t<img loading=\"lazy\" decoding=\"async\" width=\"1400\" height=\"933\" src=\"http:\/\/eventosycateringrd.com\/wp-content\/uploads\/2023\/07\/decoracion-techo-la-estancia.jpg\" class=\"attachment-full size-full\" alt=\"\" srcset=\"http:\/\/eventosycateringrd.com\/wp-content\/uploads\/2023\/07\/decoracion-techo-la-estancia.jpg 1400w, http:\/\/eventosycateringrd.com\/wp-content\/uploads\/2023\/07\/decoracion-techo-la-estancia-300x200.jpg 300w, http:\/\/eventosycateringrd.com\/wp-content\/uploads\/2023\/07\/decoracion-techo-la-estancia-1024x682.jpg 1024w, http:\/\/eventosycateringrd.com\/wp-content\/uploads\/2023\/07\/decoracion-techo-la-estancia-768x512.jpg 768w, http:\/\/eventosycateringrd.com\/wp-content\/uploads\/2023\/07\/decoracion-techo-la-estancia-700x467.jpg 700w\" sizes=\"(max-width: 1400px) 100vw, 1400px\" \/>\t\t\t\t\t\t<span class=\"aig-gallery-hover\">\n\t\t\t\t\t\t\t\t\t\t\t\t\t\t\t<span class=\"icon-arrows-plus\"><\/span> \n\t\t\t\t\t\t\t\t\t\t\t\t\t<\/span>\n\t\t\t\t\t\t\t\t\t\t\t<\/a>\n\t\t\t\t\t\t\t\t\t<\/div>\n\t\t\t<\/div>\n\t\t\t\t\t\t\t\t<div class=\"qode-aig-image qode-item-space\">\n\t\t\t\t<div class=\"qode-aig-image-inner\">\n\t\t\t\t\t\t\t\t\t\t\t<a itemprop=\"image\" class=\"qode-aig-lightbox\" href=\"http:\/\/eventosycateringrd.com\/wp-content\/uploads\/2023\/07\/decoracion-boda-la-estancia.jpg\" data-rel=\"prettyPhoto[image_gallery_pretty_photo-25]\" title=\"decoracion-boda-la-estancia\">\n\t\t\t\t\t\t\t\t\t\t\t<img loading=\"lazy\" decoding=\"async\" width=\"1400\" height=\"933\" src=\"http:\/\/eventosycateringrd.com\/wp-content\/uploads\/2023\/07\/decoracion-boda-la-estancia.jpg\" class=\"attachment-full size-full\" alt=\"\" srcset=\"http:\/\/eventosycateringrd.com\/wp-content\/uploads\/2023\/07\/decoracion-boda-la-estancia.jpg 1400w, http:\/\/eventosycateringrd.com\/wp-content\/uploads\/2023\/07\/decoracion-boda-la-estancia-300x200.jpg 300w, http:\/\/eventosycateringrd.com\/wp-content\/uploads\/2023\/07\/decoracion-boda-la-estancia-1024x682.jpg 1024w, http:\/\/eventosycateringrd.com\/wp-content\/uploads\/2023\/07\/decoracion-boda-la-estancia-768x512.jpg 768w, http:\/\/eventosycateringrd.com\/wp-content\/uploads\/2023\/07\/decoracion-boda-la-estancia-700x467.jpg 700w\" sizes=\"(max-width: 1400px) 100vw, 1400px\" \/>\t\t\t\t\t\t<span class=\"aig-gallery-hover\">\n\t\t\t\t\t\t\t\t\t\t\t\t\t\t\t<span class=\"icon-arrows-plus\"><\/span> \n\t\t\t\t\t\t\t\t\t\t\t\t\t<\/span>\n\t\t\t\t\t\t\t\t\t\t\t<\/a>\n\t\t\t\t\t\t\t\t\t<\/div>\n\t\t\t<\/div>\n\t\t\t\t\t\t\t\t<div class=\"qode-aig-image qode-item-space\">\n\t\t\t\t<div class=\"qode-aig-image-inner\">\n\t\t\t\t\t\t\t\t\t\t\t<a itemprop=\"image\" class=\"qode-aig-lightbox\" href=\"http:\/\/eventosycateringrd.com\/wp-content\/uploads\/2023\/07\/carpa-la-estancia.jpg\" data-rel=\"prettyPhoto[image_gallery_pretty_photo-25]\" title=\"carpa-la-estancia\">\n\t\t\t\t\t\t\t\t\t\t\t<img loading=\"lazy\" decoding=\"async\" width=\"1400\" height=\"933\" src=\"http:\/\/eventosycateringrd.com\/wp-content\/uploads\/2023\/07\/carpa-la-estancia.jpg\" class=\"attachment-full size-full\" alt=\"\" srcset=\"http:\/\/eventosycateringrd.com\/wp-content\/uploads\/2023\/07\/carpa-la-estancia.jpg 1400w, http:\/\/eventosycateringrd.com\/wp-content\/uploads\/2023\/07\/carpa-la-estancia-300x200.jpg 300w, http:\/\/eventosycateringrd.com\/wp-content\/uploads\/2023\/07\/carpa-la-estancia-1024x682.jpg 1024w, http:\/\/eventosycateringrd.com\/wp-content\/uploads\/2023\/07\/carpa-la-estancia-768x512.jpg 768w, http:\/\/eventosycateringrd.com\/wp-content\/uploads\/2023\/07\/carpa-la-estancia-700x467.jpg 700w\" sizes=\"(max-width: 1400px) 100vw, 1400px\" \/>\t\t\t\t\t\t<span class=\"aig-gallery-hover\">\n\t\t\t\t\t\t\t\t\t\t\t\t\t\t\t<span class=\"icon-arrows-plus\"><\/span> \n\t\t\t\t\t\t\t\t\t\t\t\t\t<\/span>\n\t\t\t\t\t\t\t\t\t\t\t<\/a>\n\t\t\t\t\t\t\t\t\t<\/div>\n\t\t\t<\/div>\n\t\t\t\t\t\t\t\t<div class=\"qode-aig-image qode-item-space\">\n\t\t\t\t<div class=\"qode-aig-image-inner\">\n\t\t\t\t\t\t\t\t\t\t\t<a itemprop=\"image\" class=\"qode-aig-lightbox\" href=\"http:\/\/eventosycateringrd.com\/wp-content\/uploads\/2023\/07\/carpa-2-boda-la-estancia.jpg\" data-rel=\"prettyPhoto[image_gallery_pretty_photo-25]\" title=\"carpa-2-boda-la-estancia\">\n\t\t\t\t\t\t\t\t\t\t\t<img loading=\"lazy\" decoding=\"async\" width=\"1400\" height=\"933\" src=\"http:\/\/eventosycateringrd.com\/wp-content\/uploads\/2023\/07\/carpa-2-boda-la-estancia.jpg\" class=\"attachment-full size-full\" alt=\"\" srcset=\"http:\/\/eventosycateringrd.com\/wp-content\/uploads\/2023\/07\/carpa-2-boda-la-estancia.jpg 1400w, http:\/\/eventosycateringrd.com\/wp-content\/uploads\/2023\/07\/carpa-2-boda-la-estancia-300x200.jpg 300w, http:\/\/eventosycateringrd.com\/wp-content\/uploads\/2023\/07\/carpa-2-boda-la-estancia-1024x682.jpg 1024w, http:\/\/eventosycateringrd.com\/wp-content\/uploads\/2023\/07\/carpa-2-boda-la-estancia-768x512.jpg 768w, http:\/\/eventosycateringrd.com\/wp-content\/uploads\/2023\/07\/carpa-2-boda-la-estancia-700x467.jpg 700w\" sizes=\"(max-width: 1400px) 100vw, 1400px\" \/>\t\t\t\t\t\t<span class=\"aig-gallery-hover\">\n\t\t\t\t\t\t\t\t\t\t\t\t\t\t\t<span class=\"icon-arrows-plus\"><\/span> \n\t\t\t\t\t\t\t\t\t\t\t\t\t<\/span>\n\t\t\t\t\t\t\t\t\t\t\t<\/a>\n\t\t\t\t\t\t\t\t\t<\/div>\n\t\t\t<\/div>\n\t\t\t\t\t\t\t\t<div class=\"qode-aig-image qode-item-space\">\n\t\t\t\t<div class=\"qode-aig-image-inner\">\n\t\t\t\t\t\t\t\t\t\t\t<a itemprop=\"image\" class=\"qode-aig-lightbox\" href=\"http:\/\/eventosycateringrd.com\/wp-content\/uploads\/2023\/07\/camarero-boda-la-estancia.jpg\" data-rel=\"prettyPhoto[image_gallery_pretty_photo-25]\" title=\"camarero-boda-la-estancia\">\n\t\t\t\t\t\t\t\t\t\t\t<img loading=\"lazy\" decoding=\"async\" width=\"1400\" height=\"933\" src=\"http:\/\/eventosycateringrd.com\/wp-content\/uploads\/2023\/07\/camarero-boda-la-estancia.jpg\" class=\"attachment-full size-full\" alt=\"\" srcset=\"http:\/\/eventosycateringrd.com\/wp-content\/uploads\/2023\/07\/camarero-boda-la-estancia.jpg 1400w, http:\/\/eventosycateringrd.com\/wp-content\/uploads\/2023\/07\/camarero-boda-la-estancia-300x200.jpg 300w, http:\/\/eventosycateringrd.com\/wp-content\/uploads\/2023\/07\/camarero-boda-la-estancia-1024x682.jpg 1024w, http:\/\/eventosycateringrd.com\/wp-content\/uploads\/2023\/07\/camarero-boda-la-estancia-768x512.jpg 768w, http:\/\/eventosycateringrd.com\/wp-content\/uploads\/2023\/07\/camarero-boda-la-estancia-700x467.jpg 700w\" sizes=\"(max-width: 1400px) 100vw, 1400px\" \/>\t\t\t\t\t\t<span class=\"aig-gallery-hover\">\n\t\t\t\t\t\t\t\t\t\t\t\t\t\t\t<span class=\"icon-arrows-plus\"><\/span> \n\t\t\t\t\t\t\t\t\t\t\t\t\t<\/span>\n\t\t\t\t\t\t\t\t\t\t\t<\/a>\n\t\t\t\t\t\t\t\t\t<\/div>\n\t\t\t<\/div>\n\t\t\t\t\t\t\t\t<div class=\"qode-aig-image qode-item-space\">\n\t\t\t\t<div class=\"qode-aig-image-inner\">\n\t\t\t\t\t\t\t\t\t\t\t<a itemprop=\"image\" class=\"qode-aig-lightbox\" href=\"http:\/\/eventosycateringrd.com\/wp-content\/uploads\/2023\/07\/bar-boda-la-estancia.jpg\" data-rel=\"prettyPhoto[image_gallery_pretty_photo-25]\" title=\"bar-boda-la-estancia\">\n\t\t\t\t\t\t\t\t\t\t\t<img loading=\"lazy\" decoding=\"async\" width=\"1400\" height=\"933\" src=\"http:\/\/eventosycateringrd.com\/wp-content\/uploads\/2023\/07\/bar-boda-la-estancia.jpg\" class=\"attachment-full size-full\" alt=\"\" srcset=\"http:\/\/eventosycateringrd.com\/wp-content\/uploads\/2023\/07\/bar-boda-la-estancia.jpg 1400w, http:\/\/eventosycateringrd.com\/wp-content\/uploads\/2023\/07\/bar-boda-la-estancia-300x200.jpg 300w, http:\/\/eventosycateringrd.com\/wp-content\/uploads\/2023\/07\/bar-boda-la-estancia-1024x682.jpg 1024w, http:\/\/eventosycateringrd.com\/wp-content\/uploads\/2023\/07\/bar-boda-la-estancia-768x512.jpg 768w, http:\/\/eventosycateringrd.com\/wp-content\/uploads\/2023\/07\/bar-boda-la-estancia-700x467.jpg 700w\" sizes=\"(max-width: 1400px) 100vw, 1400px\" \/>\t\t\t\t\t\t<span class=\"aig-gallery-hover\">\n\t\t\t\t\t\t\t\t\t\t\t\t\t\t\t<span class=\"icon-arrows-plus\"><\/span> \n\t\t\t\t\t\t\t\t\t\t\t\t\t<\/span>\n\t\t\t\t\t\t\t\t\t\t\t<\/a>\n\t\t\t\t\t\t\t\t\t<\/div>\n\t\t\t<\/div>\n\t\t\t\t\t\t\t\t<div class=\"qode-aig-image qode-item-space\">\n\t\t\t\t<div class=\"qode-aig-image-inner\">\n\t\t\t\t\t\t\t\t\t\t\t<a itemprop=\"image\" class=\"qode-aig-lightbox\" href=\"http:\/\/eventosycateringrd.com\/wp-content\/uploads\/2023\/07\/bar-2-boda-la-estancia.jpg\" data-rel=\"prettyPhoto[image_gallery_pretty_photo-25]\" title=\"bar-2-boda-la-estancia\">\n\t\t\t\t\t\t\t\t\t\t\t<img loading=\"lazy\" decoding=\"async\" width=\"1400\" height=\"933\" src=\"http:\/\/eventosycateringrd.com\/wp-content\/uploads\/2023\/07\/bar-2-boda-la-estancia.jpg\" class=\"attachment-full size-full\" alt=\"\" srcset=\"http:\/\/eventosycateringrd.com\/wp-content\/uploads\/2023\/07\/bar-2-boda-la-estancia.jpg 1400w, http:\/\/eventosycateringrd.com\/wp-content\/uploads\/2023\/07\/bar-2-boda-la-estancia-300x200.jpg 300w, http:\/\/eventosycateringrd.com\/wp-content\/uploads\/2023\/07\/bar-2-boda-la-estancia-1024x682.jpg 1024w, http:\/\/eventosycateringrd.com\/wp-content\/uploads\/2023\/07\/bar-2-boda-la-estancia-768x512.jpg 768w, http:\/\/eventosycateringrd.com\/wp-content\/uploads\/2023\/07\/bar-2-boda-la-estancia-700x467.jpg 700w\" sizes=\"(max-width: 1400px) 100vw, 1400px\" \/>\t\t\t\t\t\t<span class=\"aig-gallery-hover\">\n\t\t\t\t\t\t\t\t\t\t\t\t\t\t\t<span class=\"icon-arrows-plus\"><\/span> \n\t\t\t\t\t\t\t\t\t\t\t\t\t<\/span>\n\t\t\t\t\t\t\t\t\t\t\t<\/a>\n\t\t\t\t\t\t\t\t\t<\/div>\n\t\t\t<\/div>\n\t\t\t\t\t\t\t\t<div class=\"qode-aig-image qode-item-space\">\n\t\t\t\t<div class=\"qode-aig-image-inner\">\n\t\t\t\t\t\t\t\t\t\t\t<a itemprop=\"image\" class=\"qode-aig-lightbox\" href=\"http:\/\/eventosycateringrd.com\/wp-content\/uploads\/2023\/07\/banco-boda-la-estancia.jpg\" data-rel=\"prettyPhoto[image_gallery_pretty_photo-25]\" title=\"banco-boda-la-estancia\">\n\t\t\t\t\t\t\t\t\t\t\t<img loading=\"lazy\" decoding=\"async\" width=\"1400\" height=\"933\" src=\"http:\/\/eventosycateringrd.com\/wp-content\/uploads\/2023\/07\/banco-boda-la-estancia.jpg\" class=\"attachment-full size-full\" alt=\"\" srcset=\"http:\/\/eventosycateringrd.com\/wp-content\/uploads\/2023\/07\/banco-boda-la-estancia.jpg 1400w, http:\/\/eventosycateringrd.com\/wp-content\/uploads\/2023\/07\/banco-boda-la-estancia-300x200.jpg 300w, http:\/\/eventosycateringrd.com\/wp-content\/uploads\/2023\/07\/banco-boda-la-estancia-1024x682.jpg 1024w, http:\/\/eventosycateringrd.com\/wp-content\/uploads\/2023\/07\/banco-boda-la-estancia-768x512.jpg 768w, http:\/\/eventosycateringrd.com\/wp-content\/uploads\/2023\/07\/banco-boda-la-estancia-700x467.jpg 700w\" sizes=\"(max-width: 1400px) 100vw, 1400px\" \/>\t\t\t\t\t\t<span class=\"aig-gallery-hover\">\n\t\t\t\t\t\t\t\t\t\t\t\t\t\t\t<span class=\"icon-arrows-plus\"><\/span> \n\t\t\t\t\t\t\t\t\t\t\t\t\t<\/span>\n\t\t\t\t\t\t\t\t\t\t\t<\/a>\n\t\t\t\t\t\t\t\t\t<\/div>\n\t\t\t<\/div>\n\t\t\t\t\t\t\t\t<div class=\"qode-aig-image qode-item-space\">\n\t\t\t\t<div class=\"qode-aig-image-inner\">\n\t\t\t\t\t\t\t\t\t\t\t<a itemprop=\"image\" class=\"qode-aig-lightbox\" href=\"http:\/\/eventosycateringrd.com\/wp-content\/uploads\/2023\/07\/16-boda-la-estancia-casa-de-campo.jpg\" data-rel=\"prettyPhoto[image_gallery_pretty_photo-25]\" title=\"16-boda-la-estancia-casa-de-campo\">\n\t\t\t\t\t\t\t\t\t\t\t<img loading=\"lazy\" decoding=\"async\" width=\"1400\" height=\"933\" src=\"http:\/\/eventosycateringrd.com\/wp-content\/uploads\/2023\/07\/16-boda-la-estancia-casa-de-campo.jpg\" class=\"attachment-full size-full\" alt=\"\" srcset=\"http:\/\/eventosycateringrd.com\/wp-content\/uploads\/2023\/07\/16-boda-la-estancia-casa-de-campo.jpg 1400w, http:\/\/eventosycateringrd.com\/wp-content\/uploads\/2023\/07\/16-boda-la-estancia-casa-de-campo-300x200.jpg 300w, http:\/\/eventosycateringrd.com\/wp-content\/uploads\/2023\/07\/16-boda-la-estancia-casa-de-campo-1024x682.jpg 1024w, http:\/\/eventosycateringrd.com\/wp-content\/uploads\/2023\/07\/16-boda-la-estancia-casa-de-campo-768x512.jpg 768w, http:\/\/eventosycateringrd.com\/wp-content\/uploads\/2023\/07\/16-boda-la-estancia-casa-de-campo-700x467.jpg 700w\" sizes=\"(max-width: 1400px) 100vw, 1400px\" \/>\t\t\t\t\t\t<span class=\"aig-gallery-hover\">\n\t\t\t\t\t\t\t\t\t\t\t\t\t\t\t<span class=\"icon-arrows-plus\"><\/span> \n\t\t\t\t\t\t\t\t\t\t\t\t\t<\/span>\n\t\t\t\t\t\t\t\t\t\t\t<\/a>\n\t\t\t\t\t\t\t\t\t<\/div>\n\t\t\t<\/div>\n\t\t\t\t\t\t\t\t<div class=\"qode-aig-image qode-item-space\">\n\t\t\t\t<div class=\"qode-aig-image-inner\">\n\t\t\t\t\t\t\t\t\t\t\t<a itemprop=\"image\" class=\"qode-aig-lightbox\" href=\"http:\/\/eventosycateringrd.com\/wp-content\/uploads\/2023\/07\/27-boda-la-estancia-casa-de-campo.jpg\" data-rel=\"prettyPhoto[image_gallery_pretty_photo-25]\" title=\"27-boda-la-estancia-casa-de-campo\">\n\t\t\t\t\t\t\t\t\t\t\t<img loading=\"lazy\" decoding=\"async\" width=\"1400\" height=\"933\" src=\"http:\/\/eventosycateringrd.com\/wp-content\/uploads\/2023\/07\/27-boda-la-estancia-casa-de-campo.jpg\" class=\"attachment-full size-full\" alt=\"\" srcset=\"http:\/\/eventosycateringrd.com\/wp-content\/uploads\/2023\/07\/27-boda-la-estancia-casa-de-campo.jpg 1400w, http:\/\/eventosycateringrd.com\/wp-content\/uploads\/2023\/07\/27-boda-la-estancia-casa-de-campo-300x200.jpg 300w, http:\/\/eventosycateringrd.com\/wp-content\/uploads\/2023\/07\/27-boda-la-estancia-casa-de-campo-1024x682.jpg 1024w, http:\/\/eventosycateringrd.com\/wp-content\/uploads\/2023\/07\/27-boda-la-estancia-casa-de-campo-768x512.jpg 768w, http:\/\/eventosycateringrd.com\/wp-content\/uploads\/2023\/07\/27-boda-la-estancia-casa-de-campo-700x467.jpg 700w\" sizes=\"(max-width: 1400px) 100vw, 1400px\" \/>\t\t\t\t\t\t<span class=\"aig-gallery-hover\">\n\t\t\t\t\t\t\t\t\t\t\t\t\t\t\t<span class=\"icon-arrows-plus\"><\/span> \n\t\t\t\t\t\t\t\t\t\t\t\t\t<\/span>\n\t\t\t\t\t\t\t\t\t\t\t<\/a>\n\t\t\t\t\t\t\t\t\t<\/div>\n\t\t\t<\/div>\n\t\t\t\t\t\t\t\t<div class=\"qode-aig-image qode-item-space\">\n\t\t\t\t<div class=\"qode-aig-image-inner\">\n\t\t\t\t\t\t\t\t\t\t\t<a itemprop=\"image\" class=\"qode-aig-lightbox\" href=\"http:\/\/eventosycateringrd.com\/wp-content\/uploads\/2023\/07\/26-boda-la-estancia-casa-de-campo.jpg\" data-rel=\"prettyPhoto[image_gallery_pretty_photo-25]\" title=\"26-boda-la-estancia-casa-de-campo\">\n\t\t\t\t\t\t\t\t\t\t\t<img loading=\"lazy\" decoding=\"async\" width=\"1400\" height=\"933\" src=\"http:\/\/eventosycateringrd.com\/wp-content\/uploads\/2023\/07\/26-boda-la-estancia-casa-de-campo.jpg\" class=\"attachment-full size-full\" alt=\"\" srcset=\"http:\/\/eventosycateringrd.com\/wp-content\/uploads\/2023\/07\/26-boda-la-estancia-casa-de-campo.jpg 1400w, http:\/\/eventosycateringrd.com\/wp-content\/uploads\/2023\/07\/26-boda-la-estancia-casa-de-campo-300x200.jpg 300w, http:\/\/eventosycateringrd.com\/wp-content\/uploads\/2023\/07\/26-boda-la-estancia-casa-de-campo-1024x682.jpg 1024w, http:\/\/eventosycateringrd.com\/wp-content\/uploads\/2023\/07\/26-boda-la-estancia-casa-de-campo-768x512.jpg 768w, http:\/\/eventosycateringrd.com\/wp-content\/uploads\/2023\/07\/26-boda-la-estancia-casa-de-campo-700x467.jpg 700w\" sizes=\"(max-width: 1400px) 100vw, 1400px\" \/>\t\t\t\t\t\t<span class=\"aig-gallery-hover\">\n\t\t\t\t\t\t\t\t\t\t\t\t\t\t\t<span class=\"icon-arrows-plus\"><\/span> \n\t\t\t\t\t\t\t\t\t\t\t\t\t<\/span>\n\t\t\t\t\t\t\t\t\t\t\t<\/a>\n\t\t\t\t\t\t\t\t\t<\/div>\n\t\t\t<\/div>\n\t\t\t\t\t\t\t\t<div class=\"qode-aig-image qode-item-space\">\n\t\t\t\t<div class=\"qode-aig-image-inner\">\n\t\t\t\t\t\t\t\t\t\t\t<a itemprop=\"image\" class=\"qode-aig-lightbox\" href=\"http:\/\/eventosycateringrd.com\/wp-content\/uploads\/2023\/07\/25-boda-la-estancia-casa-de-campo.jpg\" data-rel=\"prettyPhoto[image_gallery_pretty_photo-25]\" title=\"25-boda-la-estancia-casa-de-campo\">\n\t\t\t\t\t\t\t\t\t\t\t<img loading=\"lazy\" decoding=\"async\" width=\"1400\" height=\"933\" src=\"http:\/\/eventosycateringrd.com\/wp-content\/uploads\/2023\/07\/25-boda-la-estancia-casa-de-campo.jpg\" class=\"attachment-full size-full\" alt=\"\" srcset=\"http:\/\/eventosycateringrd.com\/wp-content\/uploads\/2023\/07\/25-boda-la-estancia-casa-de-campo.jpg 1400w, http:\/\/eventosycateringrd.com\/wp-content\/uploads\/2023\/07\/25-boda-la-estancia-casa-de-campo-300x200.jpg 300w, http:\/\/eventosycateringrd.com\/wp-content\/uploads\/2023\/07\/25-boda-la-estancia-casa-de-campo-1024x682.jpg 1024w, http:\/\/eventosycateringrd.com\/wp-content\/uploads\/2023\/07\/25-boda-la-estancia-casa-de-campo-768x512.jpg 768w, http:\/\/eventosycateringrd.com\/wp-content\/uploads\/2023\/07\/25-boda-la-estancia-casa-de-campo-700x467.jpg 700w\" sizes=\"(max-width: 1400px) 100vw, 1400px\" \/>\t\t\t\t\t\t<span class=\"aig-gallery-hover\">\n\t\t\t\t\t\t\t\t\t\t\t\t\t\t\t<span class=\"icon-arrows-plus\"><\/span> \n\t\t\t\t\t\t\t\t\t\t\t\t\t<\/span>\n\t\t\t\t\t\t\t\t\t\t\t<\/a>\n\t\t\t\t\t\t\t\t\t<\/div>\n\t\t\t<\/div>\n\t\t\t\t\t\t\t\t<div class=\"qode-aig-image qode-item-space\">\n\t\t\t\t<div class=\"qode-aig-image-inner\">\n\t\t\t\t\t\t\t\t\t\t\t<a itemprop=\"image\" class=\"qode-aig-lightbox\" href=\"http:\/\/eventosycateringrd.com\/wp-content\/uploads\/2023\/07\/24-boda-la-estancia-casa-de-campo.jpg\" data-rel=\"prettyPhoto[image_gallery_pretty_photo-25]\" title=\"24-boda-la-estancia-casa-de-campo\">\n\t\t\t\t\t\t\t\t\t\t\t<img loading=\"lazy\" decoding=\"async\" width=\"1400\" height=\"933\" src=\"http:\/\/eventosycateringrd.com\/wp-content\/uploads\/2023\/07\/24-boda-la-estancia-casa-de-campo.jpg\" class=\"attachment-full size-full\" alt=\"\" srcset=\"http:\/\/eventosycateringrd.com\/wp-content\/uploads\/2023\/07\/24-boda-la-estancia-casa-de-campo.jpg 1400w, http:\/\/eventosycateringrd.com\/wp-content\/uploads\/2023\/07\/24-boda-la-estancia-casa-de-campo-300x200.jpg 300w, http:\/\/eventosycateringrd.com\/wp-content\/uploads\/2023\/07\/24-boda-la-estancia-casa-de-campo-1024x682.jpg 1024w, http:\/\/eventosycateringrd.com\/wp-content\/uploads\/2023\/07\/24-boda-la-estancia-casa-de-campo-768x512.jpg 768w, http:\/\/eventosycateringrd.com\/wp-content\/uploads\/2023\/07\/24-boda-la-estancia-casa-de-campo-700x467.jpg 700w\" sizes=\"(max-width: 1400px) 100vw, 1400px\" \/>\t\t\t\t\t\t<span class=\"aig-gallery-hover\">\n\t\t\t\t\t\t\t\t\t\t\t\t\t\t\t<span class=\"icon-arrows-plus\"><\/span> \n\t\t\t\t\t\t\t\t\t\t\t\t\t<\/span>\n\t\t\t\t\t\t\t\t\t\t\t<\/a>\n\t\t\t\t\t\t\t\t\t<\/div>\n\t\t\t<\/div>\n\t\t\t\t\t\t\t\t<div class=\"qode-aig-image qode-item-space\">\n\t\t\t\t<div class=\"qode-aig-image-inner\">\n\t\t\t\t\t\t\t\t\t\t\t<a itemprop=\"image\" class=\"qode-aig-lightbox\" href=\"http:\/\/eventosycateringrd.com\/wp-content\/uploads\/2023\/07\/23-boda-la-estancia-casa-de-campo.jpg\" data-rel=\"prettyPhoto[image_gallery_pretty_photo-25]\" title=\"23-boda-la-estancia-casa-de-campo\">\n\t\t\t\t\t\t\t\t\t\t\t<img loading=\"lazy\" decoding=\"async\" width=\"1400\" height=\"933\" src=\"http:\/\/eventosycateringrd.com\/wp-content\/uploads\/2023\/07\/23-boda-la-estancia-casa-de-campo.jpg\" class=\"attachment-full size-full\" alt=\"\" srcset=\"http:\/\/eventosycateringrd.com\/wp-content\/uploads\/2023\/07\/23-boda-la-estancia-casa-de-campo.jpg 1400w, http:\/\/eventosycateringrd.com\/wp-content\/uploads\/2023\/07\/23-boda-la-estancia-casa-de-campo-300x200.jpg 300w, http:\/\/eventosycateringrd.com\/wp-content\/uploads\/2023\/07\/23-boda-la-estancia-casa-de-campo-1024x682.jpg 1024w, http:\/\/eventosycateringrd.com\/wp-content\/uploads\/2023\/07\/23-boda-la-estancia-casa-de-campo-768x512.jpg 768w, http:\/\/eventosycateringrd.com\/wp-content\/uploads\/2023\/07\/23-boda-la-estancia-casa-de-campo-700x467.jpg 700w\" sizes=\"(max-width: 1400px) 100vw, 1400px\" \/>\t\t\t\t\t\t<span class=\"aig-gallery-hover\">\n\t\t\t\t\t\t\t\t\t\t\t\t\t\t\t<span class=\"icon-arrows-plus\"><\/span> \n\t\t\t\t\t\t\t\t\t\t\t\t\t<\/span>\n\t\t\t\t\t\t\t\t\t\t\t<\/a>\n\t\t\t\t\t\t\t\t\t<\/div>\n\t\t\t<\/div>\n\t\t\t\t\t\t\t\t<div class=\"qode-aig-image qode-item-space\">\n\t\t\t\t<div class=\"qode-aig-image-inner\">\n\t\t\t\t\t\t\t\t\t\t\t<a itemprop=\"image\" class=\"qode-aig-lightbox\" href=\"http:\/\/eventosycateringrd.com\/wp-content\/uploads\/2023\/07\/22-boda-la-estancia-casa-de-campo.jpg\" data-rel=\"prettyPhoto[image_gallery_pretty_photo-25]\" title=\"22-boda-la-estancia-casa-de-campo\">\n\t\t\t\t\t\t\t\t\t\t\t<img loading=\"lazy\" decoding=\"async\" width=\"1400\" height=\"933\" src=\"http:\/\/eventosycateringrd.com\/wp-content\/uploads\/2023\/07\/22-boda-la-estancia-casa-de-campo.jpg\" class=\"attachment-full size-full\" alt=\"\" srcset=\"http:\/\/eventosycateringrd.com\/wp-content\/uploads\/2023\/07\/22-boda-la-estancia-casa-de-campo.jpg 1400w, http:\/\/eventosycateringrd.com\/wp-content\/uploads\/2023\/07\/22-boda-la-estancia-casa-de-campo-300x200.jpg 300w, http:\/\/eventosycateringrd.com\/wp-content\/uploads\/2023\/07\/22-boda-la-estancia-casa-de-campo-1024x682.jpg 1024w, http:\/\/eventosycateringrd.com\/wp-content\/uploads\/2023\/07\/22-boda-la-estancia-casa-de-campo-768x512.jpg 768w, http:\/\/eventosycateringrd.com\/wp-content\/uploads\/2023\/07\/22-boda-la-estancia-casa-de-campo-700x467.jpg 700w\" sizes=\"(max-width: 1400px) 100vw, 1400px\" \/>\t\t\t\t\t\t<span class=\"aig-gallery-hover\">\n\t\t\t\t\t\t\t\t\t\t\t\t\t\t\t<span class=\"icon-arrows-plus\"><\/span> \n\t\t\t\t\t\t\t\t\t\t\t\t\t<\/span>\n\t\t\t\t\t\t\t\t\t\t\t<\/a>\n\t\t\t\t\t\t\t\t\t<\/div>\n\t\t\t<\/div>\n\t\t\t\t\t\t\t\t<div class=\"qode-aig-image qode-item-space\">\n\t\t\t\t<div class=\"qode-aig-image-inner\">\n\t\t\t\t\t\t\t\t\t\t\t<a itemprop=\"image\" class=\"qode-aig-lightbox\" href=\"http:\/\/eventosycateringrd.com\/wp-content\/uploads\/2023\/07\/21-boda-la-estancia-casa-de-campo.jpg\" data-rel=\"prettyPhoto[image_gallery_pretty_photo-25]\" title=\"21-boda-la-estancia-casa-de-campo\">\n\t\t\t\t\t\t\t\t\t\t\t<img loading=\"lazy\" decoding=\"async\" width=\"1366\" height=\"911\" src=\"http:\/\/eventosycateringrd.com\/wp-content\/uploads\/2023\/07\/21-boda-la-estancia-casa-de-campo.jpg\" class=\"attachment-full size-full\" alt=\"\" srcset=\"http:\/\/eventosycateringrd.com\/wp-content\/uploads\/2023\/07\/21-boda-la-estancia-casa-de-campo.jpg 1366w, http:\/\/eventosycateringrd.com\/wp-content\/uploads\/2023\/07\/21-boda-la-estancia-casa-de-campo-300x200.jpg 300w, http:\/\/eventosycateringrd.com\/wp-content\/uploads\/2023\/07\/21-boda-la-estancia-casa-de-campo-1024x683.jpg 1024w, http:\/\/eventosycateringrd.com\/wp-content\/uploads\/2023\/07\/21-boda-la-estancia-casa-de-campo-768x512.jpg 768w, http:\/\/eventosycateringrd.com\/wp-content\/uploads\/2023\/07\/21-boda-la-estancia-casa-de-campo-700x467.jpg 700w\" sizes=\"(max-width: 1366px) 100vw, 1366px\" \/>\t\t\t\t\t\t<span class=\"aig-gallery-hover\">\n\t\t\t\t\t\t\t\t\t\t\t\t\t\t\t<span class=\"icon-arrows-plus\"><\/span> \n\t\t\t\t\t\t\t\t\t\t\t\t\t<\/span>\n\t\t\t\t\t\t\t\t\t\t\t<\/a>\n\t\t\t\t\t\t\t\t\t<\/div>\n\t\t\t<\/div>\n\t\t\t\t\t\t\t\t<div class=\"qode-aig-image qode-item-space\">\n\t\t\t\t<div class=\"qode-aig-image-inner\">\n\t\t\t\t\t\t\t\t\t\t\t<a itemprop=\"image\" class=\"qode-aig-lightbox\" href=\"http:\/\/eventosycateringrd.com\/wp-content\/uploads\/2023\/07\/20-boda-la-estancia-casa-de-campo.jpg\" data-rel=\"prettyPhoto[image_gallery_pretty_photo-25]\" title=\"20-boda-la-estancia-casa-de-campo\">\n\t\t\t\t\t\t\t\t\t\t\t<img loading=\"lazy\" decoding=\"async\" width=\"1400\" height=\"933\" src=\"http:\/\/eventosycateringrd.com\/wp-content\/uploads\/2023\/07\/20-boda-la-estancia-casa-de-campo.jpg\" class=\"attachment-full size-full\" alt=\"\" srcset=\"http:\/\/eventosycateringrd.com\/wp-content\/uploads\/2023\/07\/20-boda-la-estancia-casa-de-campo.jpg 1400w, http:\/\/eventosycateringrd.com\/wp-content\/uploads\/2023\/07\/20-boda-la-estancia-casa-de-campo-300x200.jpg 300w, http:\/\/eventosycateringrd.com\/wp-content\/uploads\/2023\/07\/20-boda-la-estancia-casa-de-campo-1024x682.jpg 1024w, http:\/\/eventosycateringrd.com\/wp-content\/uploads\/2023\/07\/20-boda-la-estancia-casa-de-campo-768x512.jpg 768w, http:\/\/eventosycateringrd.com\/wp-content\/uploads\/2023\/07\/20-boda-la-estancia-casa-de-campo-700x467.jpg 700w\" sizes=\"(max-width: 1400px) 100vw, 1400px\" \/>\t\t\t\t\t\t<span class=\"aig-gallery-hover\">\n\t\t\t\t\t\t\t\t\t\t\t\t\t\t\t<span class=\"icon-arrows-plus\"><\/span> \n\t\t\t\t\t\t\t\t\t\t\t\t\t<\/span>\n\t\t\t\t\t\t\t\t\t\t\t<\/a>\n\t\t\t\t\t\t\t\t\t<\/div>\n\t\t\t<\/div>\n\t\t\t\t\t\t\t\t<div class=\"qode-aig-image qode-item-space\">\n\t\t\t\t<div class=\"qode-aig-image-inner\">\n\t\t\t\t\t\t\t\t\t\t\t<a itemprop=\"image\" class=\"qode-aig-lightbox\" href=\"http:\/\/eventosycateringrd.com\/wp-content\/uploads\/2023\/07\/19-boda-la-estancia-casa-de-campo.jpg\" data-rel=\"prettyPhoto[image_gallery_pretty_photo-25]\" title=\"19-boda-la-estancia-casa-de-campo\">\n\t\t\t\t\t\t\t\t\t\t\t<img loading=\"lazy\" decoding=\"async\" width=\"1400\" height=\"933\" src=\"http:\/\/eventosycateringrd.com\/wp-content\/uploads\/2023\/07\/19-boda-la-estancia-casa-de-campo.jpg\" class=\"attachment-full size-full\" alt=\"\" srcset=\"http:\/\/eventosycateringrd.com\/wp-content\/uploads\/2023\/07\/19-boda-la-estancia-casa-de-campo.jpg 1400w, http:\/\/eventosycateringrd.com\/wp-content\/uploads\/2023\/07\/19-boda-la-estancia-casa-de-campo-300x200.jpg 300w, http:\/\/eventosycateringrd.com\/wp-content\/uploads\/2023\/07\/19-boda-la-estancia-casa-de-campo-1024x682.jpg 1024w, http:\/\/eventosycateringrd.com\/wp-content\/uploads\/2023\/07\/19-boda-la-estancia-casa-de-campo-768x512.jpg 768w, http:\/\/eventosycateringrd.com\/wp-content\/uploads\/2023\/07\/19-boda-la-estancia-casa-de-campo-700x467.jpg 700w\" sizes=\"(max-width: 1400px) 100vw, 1400px\" \/>\t\t\t\t\t\t<span class=\"aig-gallery-hover\">\n\t\t\t\t\t\t\t\t\t\t\t\t\t\t\t<span class=\"icon-arrows-plus\"><\/span> \n\t\t\t\t\t\t\t\t\t\t\t\t\t<\/span>\n\t\t\t\t\t\t\t\t\t\t\t<\/a>\n\t\t\t\t\t\t\t\t\t<\/div>\n\t\t\t<\/div>\n\t\t\t\t\t\t\t\t<div class=\"qode-aig-image qode-item-space\">\n\t\t\t\t<div class=\"qode-aig-image-inner\">\n\t\t\t\t\t\t\t\t\t\t\t<a itemprop=\"image\" class=\"qode-aig-lightbox\" href=\"http:\/\/eventosycateringrd.com\/wp-content\/uploads\/2023\/07\/18-boda-la-estancia-casa-de-campo.jpg\" data-rel=\"prettyPhoto[image_gallery_pretty_photo-25]\" title=\"18-boda-la-estancia-casa-de-campo\">\n\t\t\t\t\t\t\t\t\t\t\t<img loading=\"lazy\" decoding=\"async\" width=\"1400\" height=\"933\" src=\"http:\/\/eventosycateringrd.com\/wp-content\/uploads\/2023\/07\/18-boda-la-estancia-casa-de-campo.jpg\" class=\"attachment-full size-full\" alt=\"\" srcset=\"http:\/\/eventosycateringrd.com\/wp-content\/uploads\/2023\/07\/18-boda-la-estancia-casa-de-campo.jpg 1400w, http:\/\/eventosycateringrd.com\/wp-content\/uploads\/2023\/07\/18-boda-la-estancia-casa-de-campo-300x200.jpg 300w, http:\/\/eventosycateringrd.com\/wp-content\/uploads\/2023\/07\/18-boda-la-estancia-casa-de-campo-1024x682.jpg 1024w, http:\/\/eventosycateringrd.com\/wp-content\/uploads\/2023\/07\/18-boda-la-estancia-casa-de-campo-768x512.jpg 768w, http:\/\/eventosycateringrd.com\/wp-content\/uploads\/2023\/07\/18-boda-la-estancia-casa-de-campo-700x467.jpg 700w\" sizes=\"(max-width: 1400px) 100vw, 1400px\" \/>\t\t\t\t\t\t<span class=\"aig-gallery-hover\">\n\t\t\t\t\t\t\t\t\t\t\t\t\t\t\t<span class=\"icon-arrows-plus\"><\/span> \n\t\t\t\t\t\t\t\t\t\t\t\t\t<\/span>\n\t\t\t\t\t\t\t\t\t\t\t<\/a>\n\t\t\t\t\t\t\t\t\t<\/div>\n\t\t\t<\/div>\n\t\t\t\t\t\t<\/div>\n<\/div>\t\t\t\t<\/div>\n\t\t\t\t<\/div>\n\t\t\t\t\t<\/div>\n\t\t<\/div>\n\t\t\t\t\t<\/div>\n\t\t<\/section>\n\t\t\t\t<\/div>\n\t\t","protected":false},"excerpt":{"rendered":"<p>Back to all Una Boda Cautivadora en La Estancia &amp; Casa de Campo, La Romana Ad\u00e9ntrate en un mundo de elegancia y romanticismo mientras te presentamos una boda cautivadora celebrada en los exquisitos escenarios de La Estancia &amp; Casa de Campo en La Romana, Rep\u00fablica<\/p>\n","protected":false},"author":1,"featured_media":4881,"menu_order":0,"comment_status":"open","ping_status":"closed","template":"","portfolio_category":[97,93,90,91,96,92],"portfolio_tag":[],"class_list":["post-5882","portfolio_page","type-portfolio_page","status-publish","has-post-thumbnail","hentry","portfolio_category-bodas","portfolio_category-casa-de-campo-es","portfolio_category-catering-es","portfolio_category-eventos","portfolio_category-la-estancia-es","portfolio_category-la-romana-es"],"_links":{"self":[{"href":"http:\/\/eventosycateringrd.com\/es\/wp-json\/wp\/v2\/portfolio_page\/5882","targetHints":{"allow":["GET"]}}],"collection":[{"href":"http:\/\/eventosycateringrd.com\/es\/wp-json\/wp\/v2\/portfolio_page"}],"about":[{"href":"http:\/\/eventosycateringrd.com\/es\/wp-json\/wp\/v2\/types\/portfolio_page"}],"author":[{"embeddable":true,"href":"http:\/\/eventosycateringrd.com\/es\/wp-json\/wp\/v2\/users\/1"}],"replies":[{"embeddable":true,"href":"http:\/\/eventosycateringrd.com\/es\/wp-json\/wp\/v2\/comments?post=5882"}],"version-history":[{"count":4,"href":"http:\/\/eventosycateringrd.com\/es\/wp-json\/wp\/v2\/portfolio_page\/5882\/revisions"}],"predecessor-version":[{"id":5887,"href":"http:\/\/eventosycateringrd.com\/es\/wp-json\/wp\/v2\/portfolio_page\/5882\/revisions\/5887"}],"wp:featuredmedia":[{"embeddable":true,"href":"http:\/\/eventosycateringrd.com\/es\/wp-json\/wp\/v2\/media\/4881"}],"wp:attachment":[{"href":"http:\/\/eventosycateringrd.com\/es\/wp-json\/wp\/v2\/media?parent=5882"}],"wp:term":[{"taxonomy":"portfolio_category","embeddable":true,"href":"http:\/\/eventosycateringrd.com\/es\/wp-json\/wp\/v2\/portfolio_category?post=5882"},{"taxonomy":"portfolio_tag","embeddable":true,"href":"http:\/\/eventosycateringrd.com\/es\/wp-json\/wp\/v2\/portfolio_tag?post=5882"}],"curies":[{"name":"wp","href":"https:\/\/api.w.org\/{rel}","templated":true}]}}